{"id":24277,"date":"2022-04-29T10:25:15","date_gmt":"2022-04-29T08:25:15","guid":{"rendered":"https:\/\/drasanvi.com\/pt\/producto\/aloe-vera-gel\/"},"modified":"2023-08-11T15:40:41","modified_gmt":"2023-08-11T13:40:41","slug":"aloe-vera-gel","status":"publish","type":"product","link":"https:\/\/drasanvi.com\/pt\/producto\/aloe-vera-gel\/","title":{"rendered":"Aloe Vera Gel"},"content":{"rendered":"<p>O gel de Aloe Vera est\u00e1 enriquecido com \u00f3leo da \u00e1rvore do ch\u00e1, tornando-o num produto excelente para usar ap\u00f3s agress\u00f5es externas como: exposi\u00e7\u00e3o ao sol e ao frio, ap\u00f3s o barbear ou depila\u00e7\u00e3o, como bals\u00e2mico de zonas irritadas e com vermelh\u00e3o\u2026<\/p>\n<h2>Ingredientes<\/h2>\n<h2>Modo de uso<\/h2>\n<p>Aplicar diretamente sobre a pele limpa, acompanhado de uma ligeira massagem at\u00e9 a absor\u00e7\u00e3o total.<\/p>\n<h2>Presentaci\u00f3n<\/h2>\n<p>Embalagem de 200 ml (7 fl oz)<\/p>\n<h2>Advertencias<\/h2>\n<p>Gel de Aloe Vera de primeira qualidade, com um grande fornecimento em polisacarideos, enzimas e oligoelementos. As suas propriedades e m\u00e9todo de colheita nos permitem cumprir com os padr\u00f5es estabelecidos pelo IASC (Conselho Cient\u00edfico Internacional do Alo\u00e9). Ainda, est\u00e1 enriquecido com \u00f3leo de \u00e1rvore do ch\u00e1, obtido por arraste de vapor de \u00e1gua e com um grande fornecimento em terpenos. N\u00e3o leva perfumes, parabenos e corantes artificiais. N\u00e3o testado em animais.<\/p>\n<h2>Valores nutricionales<\/h2>\n","protected":false},"excerpt":{"rendered":"<p>O gel de Aloe Vera est\u00e1 enriquecido com \u00f3leo da \u00e1rvore do ch\u00e1, tornando-o num produto excelente para usar ap\u00f3s agress\u00f5es externas como: exposi\u00e7\u00e3o ao sol e ao frio, ap\u00f3s o barbear ou depila\u00e7\u00e3o, como bals\u00e2mico de zonas irritadas e com vermelh\u00e3o\u2026<a id=\"boton-ficha\" href=\"https:\/\/panel.drasanvi.com\/fichas\/5\/032060034\">Ficha t\u00e9cnica<\/a><\/p>\n","protected":false},"featured_media":24279,"template":"","meta":{"inline_featured_image":false},"product_cat":[1374],"product_tag":[],"class_list":["post-24277","product","type-product","status-publish","has-post-thumbnail","hentry","product_cat-cosmetico","pa_contains-apio-no","pa_contains-peanuts-no","pa_contem-crustaceos-no","pa_contem-frutos-secos-no","pa_contem-leite-no","pa_contem-moluscos-no","pa_contem-mostarda-no","pa_contem-ovo-no","pa_contem-peixe-no","pa_contem-sesame-no","pa_contem-soja-no","pa_contiene-altramuces-no","pa_produto-bio-no","pa_produto-sem-gluten-no","pa_produto-vegan-si","pa_produto-vegetariano-no"],"yoast_head":"<!-- This site is optimized with the Yoast SEO plugin v27.5 - https:\/\/yoast.com\/product\/yoast-seo-wordpress\/ -->\n<title>Aloe Vera Gel - Drasanvi Portugal<\/title>\n<meta name=\"robots\" content=\"index, follow, max-snippet:-1, max-image-preview:large, max-video-preview:-1\" \/>\n<link rel=\"canonical\" href=\"https:\/\/drasanvi.com\/pt\/producto\/aloe-vera-gel\/\" \/>\n<meta property=\"og:locale\" content=\"pt_PT\" \/>\n<meta property=\"og:type\" content=\"article\" \/>\n<meta property=\"og:title\" content=\"Aloe Vera Gel - Drasanvi Portugal\" \/>\n<meta property=\"og:description\" content=\"O gel de Aloe Vera est\u00e1 enriquecido com \u00f3leo da \u00e1rvore do ch\u00e1, tornando-o num produto excelente para usar ap\u00f3s agress\u00f5es externas como: exposi\u00e7\u00e3o ao sol e ao frio, ap\u00f3s o barbear ou depila\u00e7\u00e3o, como bals\u00e2mico de zonas irritadas e com vermelh\u00e3o\u2026Ficha t\u00e9cnica\" \/>\n<meta property=\"og:url\" content=\"https:\/\/drasanvi.com\/pt\/producto\/aloe-vera-gel\/\" \/>\n<meta property=\"og:site_name\" content=\"Drasanvi Portugal\" \/>\n<meta property=\"article:modified_time\" content=\"2023-08-11T13:40:41+00:00\" \/>\n<meta property=\"og:image\" content=\"https:\/\/drasanvi.com\/pt\/wp-content\/uploads\/sites\/6\/2022\/04\/032060034.png\" \/>\n\t<meta property=\"og:image:width\" content=\"1000\" \/>\n\t<meta property=\"og:image:height\" content=\"1000\" \/>\n\t<meta property=\"og:image:type\" content=\"image\/png\" \/>\n<meta name=\"twitter:card\" content=\"summary_large_image\" \/>\n<script type=\"application\/ld+json\" class=\"yoast-schema-graph\">{\"@context\":\"https:\\\/\\\/schema.org\",\"@graph\":[{\"@type\":\"WebPage\",\"@id\":\"https:\\\/\\\/drasanvi.com\\\/pt\\\/producto\\\/aloe-vera-gel\\\/\",\"url\":\"https:\\\/\\\/drasanvi.com\\\/pt\\\/producto\\\/aloe-vera-gel\\\/\",\"name\":\"Aloe Vera Gel - Drasanvi Portugal\",\"isPartOf\":{\"@id\":\"https:\\\/\\\/drasanvi.com\\\/pt\\\/#website\"},\"primaryImageOfPage\":{\"@id\":\"https:\\\/\\\/drasanvi.com\\\/pt\\\/producto\\\/aloe-vera-gel\\\/#primaryimage\"},\"image\":{\"@id\":\"https:\\\/\\\/drasanvi.com\\\/pt\\\/producto\\\/aloe-vera-gel\\\/#primaryimage\"},\"thumbnailUrl\":\"https:\\\/\\\/drasanvi.com\\\/pt\\\/wp-content\\\/uploads\\\/sites\\\/6\\\/2022\\\/04\\\/032060034.png\",\"datePublished\":\"2022-04-29T08:25:15+00:00\",\"dateModified\":\"2023-08-11T13:40:41+00:00\",\"breadcrumb\":{\"@id\":\"https:\\\/\\\/drasanvi.com\\\/pt\\\/producto\\\/aloe-vera-gel\\\/#breadcrumb\"},\"inLanguage\":\"pt-PT\",\"potentialAction\":[{\"@type\":\"ReadAction\",\"target\":[\"https:\\\/\\\/drasanvi.com\\\/pt\\\/producto\\\/aloe-vera-gel\\\/\"]}]},{\"@type\":\"ImageObject\",\"inLanguage\":\"pt-PT\",\"@id\":\"https:\\\/\\\/drasanvi.com\\\/pt\\\/producto\\\/aloe-vera-gel\\\/#primaryimage\",\"url\":\"https:\\\/\\\/drasanvi.com\\\/pt\\\/wp-content\\\/uploads\\\/sites\\\/6\\\/2022\\\/04\\\/032060034.png\",\"contentUrl\":\"https:\\\/\\\/drasanvi.com\\\/pt\\\/wp-content\\\/uploads\\\/sites\\\/6\\\/2022\\\/04\\\/032060034.png\",\"width\":1000,\"height\":1000},{\"@type\":\"BreadcrumbList\",\"@id\":\"https:\\\/\\\/drasanvi.com\\\/pt\\\/producto\\\/aloe-vera-gel\\\/#breadcrumb\",\"itemListElement\":[{\"@type\":\"ListItem\",\"position\":1,\"name\":\"Portada\",\"item\":\"https:\\\/\\\/drasanvi.com\\\/pt\\\/\"},{\"@type\":\"ListItem\",\"position\":2,\"name\":\"Tienda\",\"item\":\"https:\\\/\\\/drasanvi.com\\\/pt\\\/tienda\\\/\"},{\"@type\":\"ListItem\",\"position\":3,\"name\":\"Aloe Vera Gel\"}]},{\"@type\":\"WebSite\",\"@id\":\"https:\\\/\\\/drasanvi.com\\\/pt\\\/#website\",\"url\":\"https:\\\/\\\/drasanvi.com\\\/pt\\\/\",\"name\":\"Drasanvi Portugal\",\"description\":\"L\u00edder en complementos alimenticios y cosm\u00e9tica natural.\",\"publisher\":{\"@id\":\"https:\\\/\\\/drasanvi.com\\\/pt\\\/#organization\"},\"potentialAction\":[{\"@type\":\"SearchAction\",\"target\":{\"@type\":\"EntryPoint\",\"urlTemplate\":\"https:\\\/\\\/drasanvi.com\\\/pt\\\/?s={search_term_string}\"},\"query-input\":{\"@type\":\"PropertyValueSpecification\",\"valueRequired\":true,\"valueName\":\"search_term_string\"}}],\"inLanguage\":\"pt-PT\"},{\"@type\":\"Organization\",\"@id\":\"https:\\\/\\\/drasanvi.com\\\/pt\\\/#organization\",\"name\":\"Drasanvi\",\"url\":\"https:\\\/\\\/drasanvi.com\\\/pt\\\/\",\"logo\":{\"@type\":\"ImageObject\",\"inLanguage\":\"pt-PT\",\"@id\":\"https:\\\/\\\/drasanvi.com\\\/pt\\\/#\\\/schema\\\/logo\\\/image\\\/\",\"url\":\"https:\\\/\\\/drasanvi.com\\\/wp-content\\\/uploads\\\/sites\\\/6\\\/2021\\\/07\\\/logo-drasanvi.png\",\"contentUrl\":\"https:\\\/\\\/drasanvi.com\\\/wp-content\\\/uploads\\\/sites\\\/6\\\/2021\\\/07\\\/logo-drasanvi.png\",\"width\":900,\"height\":300,\"caption\":\"Drasanvi\"},\"image\":{\"@id\":\"https:\\\/\\\/drasanvi.com\\\/pt\\\/#\\\/schema\\\/logo\\\/image\\\/\"}}]}<\/script>\n<!-- \/ Yoast SEO plugin. -->","yoast_head_json":{"title":"Aloe Vera Gel - Drasanvi Portugal","robots":{"index":"index","follow":"follow","max-snippet":"max-snippet:-1","max-image-preview":"max-image-preview:large","max-video-preview":"max-video-preview:-1"},"canonical":"https:\/\/drasanvi.com\/pt\/producto\/aloe-vera-gel\/","og_locale":"pt_PT","og_type":"article","og_title":"Aloe Vera Gel - Drasanvi Portugal","og_description":"O gel de Aloe Vera est\u00e1 enriquecido com \u00f3leo da \u00e1rvore do ch\u00e1, tornando-o num produto excelente para usar ap\u00f3s agress\u00f5es externas como: exposi\u00e7\u00e3o ao sol e ao frio, ap\u00f3s o barbear ou depila\u00e7\u00e3o, como bals\u00e2mico de zonas irritadas e com vermelh\u00e3o\u2026Ficha t\u00e9cnica","og_url":"https:\/\/drasanvi.com\/pt\/producto\/aloe-vera-gel\/","og_site_name":"Drasanvi Portugal","article_modified_time":"2023-08-11T13:40:41+00:00","og_image":[{"width":1000,"height":1000,"url":"https:\/\/drasanvi.com\/pt\/wp-content\/uploads\/sites\/6\/2022\/04\/032060034.png","type":"image\/png"}],"twitter_card":"summary_large_image","schema":{"@context":"https:\/\/schema.org","@graph":[{"@type":"WebPage","@id":"https:\/\/drasanvi.com\/pt\/producto\/aloe-vera-gel\/","url":"https:\/\/drasanvi.com\/pt\/producto\/aloe-vera-gel\/","name":"Aloe Vera Gel - Drasanvi Portugal","isPartOf":{"@id":"https:\/\/drasanvi.com\/pt\/#website"},"primaryImageOfPage":{"@id":"https:\/\/drasanvi.com\/pt\/producto\/aloe-vera-gel\/#primaryimage"},"image":{"@id":"https:\/\/drasanvi.com\/pt\/producto\/aloe-vera-gel\/#primaryimage"},"thumbnailUrl":"https:\/\/drasanvi.com\/pt\/wp-content\/uploads\/sites\/6\/2022\/04\/032060034.png","datePublished":"2022-04-29T08:25:15+00:00","dateModified":"2023-08-11T13:40:41+00:00","breadcrumb":{"@id":"https:\/\/drasanvi.com\/pt\/producto\/aloe-vera-gel\/#breadcrumb"},"inLanguage":"pt-PT","potentialAction":[{"@type":"ReadAction","target":["https:\/\/drasanvi.com\/pt\/producto\/aloe-vera-gel\/"]}]},{"@type":"ImageObject","inLanguage":"pt-PT","@id":"https:\/\/drasanvi.com\/pt\/producto\/aloe-vera-gel\/#primaryimage","url":"https:\/\/drasanvi.com\/pt\/wp-content\/uploads\/sites\/6\/2022\/04\/032060034.png","contentUrl":"https:\/\/drasanvi.com\/pt\/wp-content\/uploads\/sites\/6\/2022\/04\/032060034.png","width":1000,"height":1000},{"@type":"BreadcrumbList","@id":"https:\/\/drasanvi.com\/pt\/producto\/aloe-vera-gel\/#breadcrumb","itemListElement":[{"@type":"ListItem","position":1,"name":"Portada","item":"https:\/\/drasanvi.com\/pt\/"},{"@type":"ListItem","position":2,"name":"Tienda","item":"https:\/\/drasanvi.com\/pt\/tienda\/"},{"@type":"ListItem","position":3,"name":"Aloe Vera Gel"}]},{"@type":"WebSite","@id":"https:\/\/drasanvi.com\/pt\/#website","url":"https:\/\/drasanvi.com\/pt\/","name":"Drasanvi Portugal","description":"L\u00edder en complementos alimenticios y cosm\u00e9tica natural.","publisher":{"@id":"https:\/\/drasanvi.com\/pt\/#organization"},"potentialAction":[{"@type":"SearchAction","target":{"@type":"EntryPoint","urlTemplate":"https:\/\/drasanvi.com\/pt\/?s={search_term_string}"},"query-input":{"@type":"PropertyValueSpecification","valueRequired":true,"valueName":"search_term_string"}}],"inLanguage":"pt-PT"},{"@type":"Organization","@id":"https:\/\/drasanvi.com\/pt\/#organization","name":"Drasanvi","url":"https:\/\/drasanvi.com\/pt\/","logo":{"@type":"ImageObject","inLanguage":"pt-PT","@id":"https:\/\/drasanvi.com\/pt\/#\/schema\/logo\/image\/","url":"https:\/\/drasanvi.com\/wp-content\/uploads\/sites\/6\/2021\/07\/logo-drasanvi.png","contentUrl":"https:\/\/drasanvi.com\/wp-content\/uploads\/sites\/6\/2021\/07\/logo-drasanvi.png","width":900,"height":300,"caption":"Drasanvi"},"image":{"@id":"https:\/\/drasanvi.com\/pt\/#\/schema\/logo\/image\/"}}]}},"_links":{"self":[{"href":"https:\/\/drasanvi.com\/pt\/wp-json\/wp\/v2\/product\/24277","targetHints":{"allow":["GET"]}}],"collection":[{"href":"https:\/\/drasanvi.com\/pt\/wp-json\/wp\/v2\/product"}],"about":[{"href":"https:\/\/drasanvi.com\/pt\/wp-json\/wp\/v2\/types\/product"}],"version-history":[{"count":0,"href":"https:\/\/drasanvi.com\/pt\/wp-json\/wp\/v2\/product\/24277\/revisions"}],"wp:featuredmedia":[{"embeddable":true,"href":"https:\/\/drasanvi.com\/pt\/wp-json\/wp\/v2\/media\/24279"}],"wp:attachment":[{"href":"https:\/\/drasanvi.com\/pt\/wp-json\/wp\/v2\/media?parent=24277"}],"wp:term":[{"taxonomy":"product_cat","embeddable":true,"href":"https:\/\/drasanvi.com\/pt\/wp-json\/wp\/v2\/product_cat?post=24277"},{"taxonomy":"product_tag","embeddable":true,"href":"https:\/\/drasanvi.com\/pt\/wp-json\/wp\/v2\/product_tag?post=24277"}],"curies":[{"name":"wp","href":"https:\/\/api.w.org\/{rel}","templated":true}]}}