{"id":24272,"date":"2022-04-29T10:25:15","date_gmt":"2022-04-29T08:25:15","guid":{"rendered":"https:\/\/drasanvi.com\/pt\/producto\/oleo-bio-vegetal-de-calendula\/"},"modified":"2023-08-11T15:40:59","modified_gmt":"2023-08-11T13:40:59","slug":"oleo-bio-vegetal-de-calendula","status":"publish","type":"product","link":"https:\/\/drasanvi.com\/pt\/producto\/oleo-bio-vegetal-de-calendula\/","title":{"rendered":"\u00d3leo Bio-vegetal de Cal\u00eandula"},"content":{"rendered":"<p>O \u00f3leo vegetal de Cal\u00eandula da Drasanvi prov\u00e9m da agricultura biol\u00f3gica. O \u00f3leo \u00e9 obtido por oleo-macera\u00e7\u00e3o sobre \u00f3leo vegetal, ao qual transmite todas as suas prorpiedades. O \u00f3leo biol\u00f3gico de Cal\u00eandula \u00e9 muito apreciado pela sua composi\u00e7\u00e3o: seus \u00e1cidos org\u00e2nicos, salic\u00edlicos, carotenoides e flavon\u00f3ides o transformam num \u00f3leo especialmente indicado para o tratamento t\u00f3pico de irrita\u00e7\u00f5es cut\u00e2neas, rozaduras, vermelh\u00e3o, e, \u00e9 \u00fatil para aliviar as dores causadas por leves queimaduras solares. As propriedades que apresentam o \u00f3leo de Cal\u00eandula:<\/p>\n<ul>\n<li>A calendina e o \u00e1cido salic\u00edlico, que se encontram na sua composi\u00e7\u00e3o, conferem um poder bals\u00e2mico. Est\u00e1 especialmente indicado para aliviar queimaduras solares, feridas, irrita\u00e7\u00f5es e outras les\u00f5es da pele.<\/li>\n<li>Possui atividade antiss\u00e9tica e cicatrizante, indicado para aliviar afe\u00e7\u00f5es da pele e para o tratamento de pequenas feridas.<\/li>\n<li>Ativa o metabolismo do colag\u00e9nio e outras prote\u00ednas que formam a pele, pelo que \u00e9 bom para contribuir na elimina\u00e7\u00e3o das estrias.<\/li>\n<\/ul>\n<h2>Ingredientes<\/h2>\n<h2>Modo de uso<\/h2>\n<p>O \u00f3leo de Cal\u00eandula pode ter diferentes modos de uso; algum deles s\u00e3o: usar ap\u00f3s o banho de sol para aliviar a irrita\u00e7\u00e3o. Colocar diretamente sobre as irrita\u00e7\u00f5es da fralda dos beb\u00e9s. Sobre peles irritadas ou inflamadas. Diretamente sobre as estrias. Aplicar mediante massagem nas zonas a tratar de uma a tr\u00eas vezes ao dia. Evitar o contacto direto com os olhos, feridas abertas e mucosas. N\u00e3o aplicar em crian\u00e7as de menos de tr\u00eas anos.<\/p>\n<h2>Presentaci\u00f3n<\/h2>\n<p>Embalagem de 50 ml (1.75 fl oz)<\/p>\n<h2>Advertencias<\/h2>\n<p>O \u00f3leo vegetal de\u00a0Drasanvi<sup>\u00ae<\/sup>, possui o selo BDIH. Esta certifica\u00e7\u00e3o de qualidade alem\u00e3 garante de forma clara o conceito de &#8220;&#8221;cosm\u00e9tica biol\u00f3gica&#8221;&#8221; proporcionando ao consumidor uma garantia de seguran\u00e7a, ecologia e sa\u00fade. Esta certifica\u00e7\u00e3o garante que n\u00e3o se utilizou mat\u00e9ria prima sint\u00e9tica ou nociva para a pele durante o processo de fabrico, que n\u00e3o foi testado em animais, que os produtos n\u00e3o cont\u00eam subst\u00e2ncias t\u00f3xicas de nenhum tipo e que em todo momento foram passados estritos controles de qualidade por parte de um organismo independente.<\/p>\n<h2>Valores nutricionales<\/h2>\n","protected":false},"excerpt":{"rendered":"<p>O \u00f3leo vegetal de Cal\u00eandula da Drasanvi prov\u00e9m da agricultura biol\u00f3gica. O \u00f3leo \u00e9 obtido por oleo-macera\u00e7\u00e3o sobre \u00f3leo vegetal, ao qual transmite todas as suas prorpiedades. O \u00f3leo biol\u00f3gico de Cal\u00eandula \u00e9 muito apreciado pela sua composi\u00e7\u00e3o: seus \u00e1cidos org\u00e2nicos, salic\u00edlicos, carotenoides e flavon\u00f3ides o transformam num \u00f3leo especialmente indicado para o tratamento t\u00f3pico de irrita\u00e7\u00f5es cut\u00e2neas, rozaduras, vermelh\u00e3o, e, \u00e9 \u00fatil para aliviar as dores causadas por leves queimaduras solares. As propriedades que apresentam o \u00f3leo de Cal\u00eandula:<\/p>\n<ul>\n<li>A calendina e o \u00e1cido salic\u00edlico, que se encontram na sua composi\u00e7\u00e3o, conferem um poder bals\u00e2mico. Est\u00e1 especialmente indicado para aliviar queimaduras solares, feridas, irrita\u00e7\u00f5es e outras les\u00f5es da pele.<\/li>\n<li>Possui atividade antiss\u00e9tica e cicatrizante, indicado para aliviar afe\u00e7\u00f5es da pele e para o tratamento de pequenas feridas.<\/li>\n<li>Ativa o metabolismo do colag\u00e9nio e outras prote\u00ednas que formam a pele, pelo que \u00e9 bom para contribuir na elimina\u00e7\u00e3o das estrias.<\/li>\n<\/ul>\n<p><a id=\"boton-ficha\" href=\"https:\/\/panel.drasanvi.com\/fichas\/5\/032060046\">Ficha t\u00e9cnica<\/a><\/p>\n","protected":false},"featured_media":0,"template":"","meta":{"inline_featured_image":false},"product_cat":[1374],"product_tag":[],"class_list":["post-24272","product","type-product","status-publish","hentry","product_cat-cosmetico","pa_contains-apio-no","pa_contains-peanuts-si","pa_contem-crustaceos-no","pa_contem-frutos-secos-no","pa_contem-leite-no","pa_contem-moluscos-no","pa_contem-mostarda-no","pa_contem-ovo-no","pa_contem-peixe-no","pa_contem-sesame-no","pa_contem-soja-no","pa_contiene-altramuces-si","pa_produto-bio-o-oleo-de-calendula-pode-ter-diferentes-modos-de-uso-algum-deles-sao-usar-apos-o-banho-de-sol-para-aliviar-a-irritacao-colocar-diretamente-sobre-as-irritacoes-da-fralda-dos-bebes-sobre-p","pa_produto-sem-gluten-no","pa_produto-vegan-embalagem-de-5no-ml-si-75-fl-oz","pa_produto-vegetariano-o-oleo-vegetal-de-drasanvi-possui-o-selo-bdih-esta-certificacao-de-qualidade-alema-garante-de-forma-clara-o-conceito-de-cosmetica-biologica-proporcionando-ao-consumidor-uma-garantia-d"],"yoast_head":"<!-- This site is optimized with the Yoast SEO plugin v27.5 - https:\/\/yoast.com\/product\/yoast-seo-wordpress\/ -->\n<title>\u00d3leo Bio-vegetal de Cal\u00eandula - Drasanvi Portugal<\/title>\n<meta name=\"robots\" content=\"index, follow, max-snippet:-1, max-image-preview:large, max-video-preview:-1\" \/>\n<link rel=\"canonical\" href=\"https:\/\/drasanvi.com\/pt\/producto\/oleo-bio-vegetal-de-calendula\/\" \/>\n<meta property=\"og:locale\" content=\"pt_PT\" \/>\n<meta property=\"og:type\" content=\"article\" \/>\n<meta property=\"og:title\" content=\"\u00d3leo Bio-vegetal de Cal\u00eandula - Drasanvi Portugal\" \/>\n<meta property=\"og:description\" content=\"O \u00f3leo vegetal de Cal\u00eandula da Drasanvi prov\u00e9m da agricultura biol\u00f3gica. O \u00f3leo \u00e9 obtido por oleo-macera\u00e7\u00e3o sobre \u00f3leo vegetal, ao qual transmite todas as suas prorpiedades. O \u00f3leo biol\u00f3gico de Cal\u00eandula \u00e9 muito apreciado pela sua composi\u00e7\u00e3o: seus \u00e1cidos org\u00e2nicos, salic\u00edlicos, carotenoides e flavon\u00f3ides o transformam num \u00f3leo especialmente indicado para o tratamento t\u00f3pico de irrita\u00e7\u00f5es cut\u00e2neas, rozaduras, vermelh\u00e3o, e, \u00e9 \u00fatil para aliviar as dores causadas por leves queimaduras solares. As propriedades que apresentam o \u00f3leo de Cal\u00eandula: A calendina e o \u00e1cido salic\u00edlico, que se encontram na sua composi\u00e7\u00e3o, conferem um poder bals\u00e2mico. Est\u00e1 especialmente indicado para aliviar queimaduras solares, feridas, irrita\u00e7\u00f5es e outras les\u00f5es da pele. Possui atividade antiss\u00e9tica e cicatrizante, indicado para aliviar afe\u00e7\u00f5es da pele e para o tratamento de pequenas feridas. Ativa o metabolismo do colag\u00e9nio e outras prote\u00ednas que formam a pele, pelo que \u00e9 bom para contribuir na elimina\u00e7\u00e3o das estrias.Ficha t\u00e9cnica\" \/>\n<meta property=\"og:url\" content=\"https:\/\/drasanvi.com\/pt\/producto\/oleo-bio-vegetal-de-calendula\/\" \/>\n<meta property=\"og:site_name\" content=\"Drasanvi Portugal\" \/>\n<meta property=\"article:modified_time\" content=\"2023-08-11T13:40:59+00:00\" \/>\n<meta name=\"twitter:card\" content=\"summary_large_image\" \/>\n<script type=\"application\/ld+json\" class=\"yoast-schema-graph\">{\"@context\":\"https:\\\/\\\/schema.org\",\"@graph\":[{\"@type\":\"WebPage\",\"@id\":\"https:\\\/\\\/drasanvi.com\\\/pt\\\/producto\\\/oleo-bio-vegetal-de-calendula\\\/\",\"url\":\"https:\\\/\\\/drasanvi.com\\\/pt\\\/producto\\\/oleo-bio-vegetal-de-calendula\\\/\",\"name\":\"\u00d3leo Bio-vegetal de Cal\u00eandula - Drasanvi Portugal\",\"isPartOf\":{\"@id\":\"https:\\\/\\\/drasanvi.com\\\/pt\\\/#website\"},\"datePublished\":\"2022-04-29T08:25:15+00:00\",\"dateModified\":\"2023-08-11T13:40:59+00:00\",\"breadcrumb\":{\"@id\":\"https:\\\/\\\/drasanvi.com\\\/pt\\\/producto\\\/oleo-bio-vegetal-de-calendula\\\/#breadcrumb\"},\"inLanguage\":\"pt-PT\",\"potentialAction\":[{\"@type\":\"ReadAction\",\"target\":[\"https:\\\/\\\/drasanvi.com\\\/pt\\\/producto\\\/oleo-bio-vegetal-de-calendula\\\/\"]}]},{\"@type\":\"BreadcrumbList\",\"@id\":\"https:\\\/\\\/drasanvi.com\\\/pt\\\/producto\\\/oleo-bio-vegetal-de-calendula\\\/#breadcrumb\",\"itemListElement\":[{\"@type\":\"ListItem\",\"position\":1,\"name\":\"Portada\",\"item\":\"https:\\\/\\\/drasanvi.com\\\/pt\\\/\"},{\"@type\":\"ListItem\",\"position\":2,\"name\":\"Tienda\",\"item\":\"https:\\\/\\\/drasanvi.com\\\/pt\\\/tienda\\\/\"},{\"@type\":\"ListItem\",\"position\":3,\"name\":\"\u00d3leo Bio-vegetal de Cal\u00eandula\"}]},{\"@type\":\"WebSite\",\"@id\":\"https:\\\/\\\/drasanvi.com\\\/pt\\\/#website\",\"url\":\"https:\\\/\\\/drasanvi.com\\\/pt\\\/\",\"name\":\"Drasanvi Portugal\",\"description\":\"L\u00edder en complementos alimenticios y cosm\u00e9tica natural.\",\"publisher\":{\"@id\":\"https:\\\/\\\/drasanvi.com\\\/pt\\\/#organization\"},\"potentialAction\":[{\"@type\":\"SearchAction\",\"target\":{\"@type\":\"EntryPoint\",\"urlTemplate\":\"https:\\\/\\\/drasanvi.com\\\/pt\\\/?s={search_term_string}\"},\"query-input\":{\"@type\":\"PropertyValueSpecification\",\"valueRequired\":true,\"valueName\":\"search_term_string\"}}],\"inLanguage\":\"pt-PT\"},{\"@type\":\"Organization\",\"@id\":\"https:\\\/\\\/drasanvi.com\\\/pt\\\/#organization\",\"name\":\"Drasanvi\",\"url\":\"https:\\\/\\\/drasanvi.com\\\/pt\\\/\",\"logo\":{\"@type\":\"ImageObject\",\"inLanguage\":\"pt-PT\",\"@id\":\"https:\\\/\\\/drasanvi.com\\\/pt\\\/#\\\/schema\\\/logo\\\/image\\\/\",\"url\":\"https:\\\/\\\/drasanvi.com\\\/wp-content\\\/uploads\\\/sites\\\/6\\\/2021\\\/07\\\/logo-drasanvi.png\",\"contentUrl\":\"https:\\\/\\\/drasanvi.com\\\/wp-content\\\/uploads\\\/sites\\\/6\\\/2021\\\/07\\\/logo-drasanvi.png\",\"width\":900,\"height\":300,\"caption\":\"Drasanvi\"},\"image\":{\"@id\":\"https:\\\/\\\/drasanvi.com\\\/pt\\\/#\\\/schema\\\/logo\\\/image\\\/\"}}]}<\/script>\n<!-- \/ Yoast SEO plugin. -->","yoast_head_json":{"title":"\u00d3leo Bio-vegetal de Cal\u00eandula - Drasanvi Portugal","robots":{"index":"index","follow":"follow","max-snippet":"max-snippet:-1","max-image-preview":"max-image-preview:large","max-video-preview":"max-video-preview:-1"},"canonical":"https:\/\/drasanvi.com\/pt\/producto\/oleo-bio-vegetal-de-calendula\/","og_locale":"pt_PT","og_type":"article","og_title":"\u00d3leo Bio-vegetal de Cal\u00eandula - Drasanvi Portugal","og_description":"O \u00f3leo vegetal de Cal\u00eandula da Drasanvi prov\u00e9m da agricultura biol\u00f3gica. O \u00f3leo \u00e9 obtido por oleo-macera\u00e7\u00e3o sobre \u00f3leo vegetal, ao qual transmite todas as suas prorpiedades. O \u00f3leo biol\u00f3gico de Cal\u00eandula \u00e9 muito apreciado pela sua composi\u00e7\u00e3o: seus \u00e1cidos org\u00e2nicos, salic\u00edlicos, carotenoides e flavon\u00f3ides o transformam num \u00f3leo especialmente indicado para o tratamento t\u00f3pico de irrita\u00e7\u00f5es cut\u00e2neas, rozaduras, vermelh\u00e3o, e, \u00e9 \u00fatil para aliviar as dores causadas por leves queimaduras solares. As propriedades que apresentam o \u00f3leo de Cal\u00eandula: A calendina e o \u00e1cido salic\u00edlico, que se encontram na sua composi\u00e7\u00e3o, conferem um poder bals\u00e2mico. Est\u00e1 especialmente indicado para aliviar queimaduras solares, feridas, irrita\u00e7\u00f5es e outras les\u00f5es da pele. Possui atividade antiss\u00e9tica e cicatrizante, indicado para aliviar afe\u00e7\u00f5es da pele e para o tratamento de pequenas feridas. Ativa o metabolismo do colag\u00e9nio e outras prote\u00ednas que formam a pele, pelo que \u00e9 bom para contribuir na elimina\u00e7\u00e3o das estrias.Ficha t\u00e9cnica","og_url":"https:\/\/drasanvi.com\/pt\/producto\/oleo-bio-vegetal-de-calendula\/","og_site_name":"Drasanvi Portugal","article_modified_time":"2023-08-11T13:40:59+00:00","twitter_card":"summary_large_image","schema":{"@context":"https:\/\/schema.org","@graph":[{"@type":"WebPage","@id":"https:\/\/drasanvi.com\/pt\/producto\/oleo-bio-vegetal-de-calendula\/","url":"https:\/\/drasanvi.com\/pt\/producto\/oleo-bio-vegetal-de-calendula\/","name":"\u00d3leo Bio-vegetal de Cal\u00eandula - Drasanvi Portugal","isPartOf":{"@id":"https:\/\/drasanvi.com\/pt\/#website"},"datePublished":"2022-04-29T08:25:15+00:00","dateModified":"2023-08-11T13:40:59+00:00","breadcrumb":{"@id":"https:\/\/drasanvi.com\/pt\/producto\/oleo-bio-vegetal-de-calendula\/#breadcrumb"},"inLanguage":"pt-PT","potentialAction":[{"@type":"ReadAction","target":["https:\/\/drasanvi.com\/pt\/producto\/oleo-bio-vegetal-de-calendula\/"]}]},{"@type":"BreadcrumbList","@id":"https:\/\/drasanvi.com\/pt\/producto\/oleo-bio-vegetal-de-calendula\/#breadcrumb","itemListElement":[{"@type":"ListItem","position":1,"name":"Portada","item":"https:\/\/drasanvi.com\/pt\/"},{"@type":"ListItem","position":2,"name":"Tienda","item":"https:\/\/drasanvi.com\/pt\/tienda\/"},{"@type":"ListItem","position":3,"name":"\u00d3leo Bio-vegetal de Cal\u00eandula"}]},{"@type":"WebSite","@id":"https:\/\/drasanvi.com\/pt\/#website","url":"https:\/\/drasanvi.com\/pt\/","name":"Drasanvi Portugal","description":"L\u00edder en complementos alimenticios y cosm\u00e9tica natural.","publisher":{"@id":"https:\/\/drasanvi.com\/pt\/#organization"},"potentialAction":[{"@type":"SearchAction","target":{"@type":"EntryPoint","urlTemplate":"https:\/\/drasanvi.com\/pt\/?s={search_term_string}"},"query-input":{"@type":"PropertyValueSpecification","valueRequired":true,"valueName":"search_term_string"}}],"inLanguage":"pt-PT"},{"@type":"Organization","@id":"https:\/\/drasanvi.com\/pt\/#organization","name":"Drasanvi","url":"https:\/\/drasanvi.com\/pt\/","logo":{"@type":"ImageObject","inLanguage":"pt-PT","@id":"https:\/\/drasanvi.com\/pt\/#\/schema\/logo\/image\/","url":"https:\/\/drasanvi.com\/wp-content\/uploads\/sites\/6\/2021\/07\/logo-drasanvi.png","contentUrl":"https:\/\/drasanvi.com\/wp-content\/uploads\/sites\/6\/2021\/07\/logo-drasanvi.png","width":900,"height":300,"caption":"Drasanvi"},"image":{"@id":"https:\/\/drasanvi.com\/pt\/#\/schema\/logo\/image\/"}}]}},"_links":{"self":[{"href":"https:\/\/drasanvi.com\/pt\/wp-json\/wp\/v2\/product\/24272","targetHints":{"allow":["GET"]}}],"collection":[{"href":"https:\/\/drasanvi.com\/pt\/wp-json\/wp\/v2\/product"}],"about":[{"href":"https:\/\/drasanvi.com\/pt\/wp-json\/wp\/v2\/types\/product"}],"version-history":[{"count":0,"href":"https:\/\/drasanvi.com\/pt\/wp-json\/wp\/v2\/product\/24272\/revisions"}],"wp:attachment":[{"href":"https:\/\/drasanvi.com\/pt\/wp-json\/wp\/v2\/media?parent=24272"}],"wp:term":[{"taxonomy":"product_cat","embeddable":true,"href":"https:\/\/drasanvi.com\/pt\/wp-json\/wp\/v2\/product_cat?post=24272"},{"taxonomy":"product_tag","embeddable":true,"href":"https:\/\/drasanvi.com\/pt\/wp-json\/wp\/v2\/product_tag?post=24272"}],"curies":[{"name":"wp","href":"https:\/\/api.w.org\/{rel}","templated":true}]}}