{"id":23730,"date":"2022-04-29T10:12:58","date_gmt":"2022-04-29T08:12:58","guid":{"rendered":"https:\/\/drasanvi.com\/pt\/producto\/vitamina-d3-400-ui-mastigavel-criancas\/"},"modified":"2023-08-11T15:41:13","modified_gmt":"2023-08-11T13:41:13","slug":"vitamina-d3-400-ui-mastigavel-criancas","status":"publish","type":"product","link":"https:\/\/drasanvi.com\/pt\/producto\/vitamina-d3-400-ui-mastigavel-criancas\/","title":{"rendered":"Vitamina D3 400 UI Mastig\u00e1vel Crian\u00e7as"},"content":{"rendered":"<p>A\u00a0<strong>vitamina D3<\/strong>\u00a0\u00e9 uma vitamina sol\u00favel em gordura que a nossa pele sintetiza ao expor-se \u00e0 luz do sol ou mediante uma correta alimenta\u00e7\u00e3o ou suplementa\u00e7\u00e3o. Afeta o nosso estado de \u00e1nimo e a o nosso bem-estar, assim como a sa\u00fade dos ossos e articula\u00e7\u00f5es.Para pode disfrutar dela, \u00e9 necess\u00e1rio um fornecimento correto de Vitamina e a correta exposi\u00e7\u00e3o solar. Se n\u00e3o dispomos de alguma das duas fontes, podemos desenvolver um estado de carencia.<\/p>\n<h2>Ingredientes<\/h2>\n<p>Dextrose<em>(Agente de carga)<\/em>, Estearato de magn\u00e9sio<em>(Agente de carga)<\/em>, Aroma de cereja<em>(Aroma)<\/em>, Di\u00f3xido de sil\u00edcio<em>(Antiaglutinante)<\/em>, Vitamina D3<em>Colecalciferol<\/em>4 mg, Beterraba em p\u00f3<em><\/em>4 mg<\/p>\n<h2>Modo de uso<\/h2>\n<p>Para crian\u00e7as a partir dos tr\u00eas anos. Mastigar um comprimido ao dia, de prefer\u00eancia junto das refei\u00e7\u00f5es.<\/p>\n<h2>Presentaci\u00f3n<\/h2>\n<p>60 comprimidos de 529 mg. Peso neto 31,7 g (1.11 oz)<\/p>\n<h2>Advertencias<\/h2>\n<p>Os suplementos alimentares n\u00e3o devem ser usados como substitutos de um regime alimentar vaiado e de um modo de vida saud\u00e1vel. N\u00e3o superar a dose di\u00e1ria recomendada. Manter afastado do alcance das crian\u00e7as. Conservar em local seco e fresco.<\/p>\n<h2>Valores nutricionales<\/h2>\n<p>por dose di\u00e1ria<\/p>\n<table>\n<tbody>\n<tr>\n<th>Ingrediente<\/th>\n<th>Percentagem<\/th>\n<th>Quantidade<\/th>\n<\/tr>\n<tr>\n<td>Vitamina D<\/td>\n<td>200%<\/td>\n<td>10\u00a0\u00b5g<\/td>\n<\/tr>\n<\/tbody>\n<\/table>\n<p>% VRN (Valor de Refer\u00eancia Nutricional)<\/p>\n","protected":false},"excerpt":{"rendered":"<p>A\u00a0<strong>vitamina D3<\/strong>\u00a0\u00e9 uma vitamina sol\u00favel em gordura que a nossa pele sintetiza ao expor-se \u00e0 luz do sol ou mediante uma correta alimenta\u00e7\u00e3o ou suplementa\u00e7\u00e3o. Afeta o nosso estado de \u00e1nimo e a o nosso bem-estar, assim como a sa\u00fade dos ossos e articula\u00e7\u00f5es.Para pode disfrutar dela, \u00e9 necess\u00e1rio um fornecimento correto de Vitamina e a correta exposi\u00e7\u00e3o solar. Se n\u00e3o dispomos de alguma das duas fontes, podemos desenvolver um estado de carencia.<a id=\"boton-ficha\" href=\"https:\/\/panel.drasanvi.com\/fichas\/5\/032050459\">Ficha t\u00e9cnica<\/a><\/p>\n","protected":false},"featured_media":23732,"template":"","meta":{"inline_featured_image":false},"product_cat":[1385],"product_tag":[],"class_list":["post-23730","product","type-product","status-publish","has-post-thumbnail","hentry","product_cat-criancas","pa_contains-apio-no","pa_contains-peanuts-no","pa_contem-crustaceos-no","pa_contem-frutos-secos-no","pa_contem-leite-no","pa_contem-moluscos-no","pa_contem-mostarda-no","pa_contem-ovo-no","pa_contem-peixe-no","pa_contem-sesame-no","pa_contem-soja-no","pa_contiene-altramuces-no","pa_produto-bio-no","pa_produto-sem-gluten-no","pa_produto-vegan-no","pa_produto-vegetariano-si"],"yoast_head":"<!-- This site is optimized with the Yoast SEO plugin v27.5 - https:\/\/yoast.com\/product\/yoast-seo-wordpress\/ -->\n<title>Vitamina D3 400 UI Mastig\u00e1vel Crian\u00e7as - Drasanvi Portugal<\/title>\n<meta name=\"robots\" content=\"index, follow, max-snippet:-1, max-image-preview:large, max-video-preview:-1\" \/>\n<link rel=\"canonical\" href=\"https:\/\/drasanvi.com\/pt\/producto\/vitamina-d3-400-ui-mastigavel-criancas\/\" \/>\n<meta property=\"og:locale\" content=\"pt_PT\" \/>\n<meta property=\"og:type\" content=\"article\" \/>\n<meta property=\"og:title\" content=\"Vitamina D3 400 UI Mastig\u00e1vel Crian\u00e7as - Drasanvi Portugal\" \/>\n<meta property=\"og:description\" content=\"A\u00a0vitamina D3\u00a0\u00e9 uma vitamina sol\u00favel em gordura que a nossa pele sintetiza ao expor-se \u00e0 luz do sol ou mediante uma correta alimenta\u00e7\u00e3o ou suplementa\u00e7\u00e3o. Afeta o nosso estado de \u00e1nimo e a o nosso bem-estar, assim como a sa\u00fade dos ossos e articula\u00e7\u00f5es.Para pode disfrutar dela, \u00e9 necess\u00e1rio um fornecimento correto de Vitamina e a correta exposi\u00e7\u00e3o solar. Se n\u00e3o dispomos de alguma das duas fontes, podemos desenvolver um estado de carencia.Ficha t\u00e9cnica\" \/>\n<meta property=\"og:url\" content=\"https:\/\/drasanvi.com\/pt\/producto\/vitamina-d3-400-ui-mastigavel-criancas\/\" \/>\n<meta property=\"og:site_name\" content=\"Drasanvi Portugal\" \/>\n<meta property=\"article:modified_time\" content=\"2023-08-11T13:41:13+00:00\" \/>\n<meta property=\"og:image\" content=\"https:\/\/drasanvi.com\/pt\/wp-content\/uploads\/sites\/6\/2022\/04\/032050459.png\" \/>\n\t<meta property=\"og:image:width\" content=\"1000\" \/>\n\t<meta property=\"og:image:height\" content=\"1000\" \/>\n\t<meta property=\"og:image:type\" content=\"image\/png\" \/>\n<meta name=\"twitter:card\" content=\"summary_large_image\" \/>\n<script type=\"application\/ld+json\" class=\"yoast-schema-graph\">{\"@context\":\"https:\\\/\\\/schema.org\",\"@graph\":[{\"@type\":\"WebPage\",\"@id\":\"https:\\\/\\\/drasanvi.com\\\/pt\\\/producto\\\/vitamina-d3-400-ui-mastigavel-criancas\\\/\",\"url\":\"https:\\\/\\\/drasanvi.com\\\/pt\\\/producto\\\/vitamina-d3-400-ui-mastigavel-criancas\\\/\",\"name\":\"Vitamina D3 400 UI Mastig\u00e1vel Crian\u00e7as - Drasanvi Portugal\",\"isPartOf\":{\"@id\":\"https:\\\/\\\/drasanvi.com\\\/pt\\\/#website\"},\"primaryImageOfPage\":{\"@id\":\"https:\\\/\\\/drasanvi.com\\\/pt\\\/producto\\\/vitamina-d3-400-ui-mastigavel-criancas\\\/#primaryimage\"},\"image\":{\"@id\":\"https:\\\/\\\/drasanvi.com\\\/pt\\\/producto\\\/vitamina-d3-400-ui-mastigavel-criancas\\\/#primaryimage\"},\"thumbnailUrl\":\"https:\\\/\\\/drasanvi.com\\\/pt\\\/wp-content\\\/uploads\\\/sites\\\/6\\\/2022\\\/04\\\/032050459.png\",\"datePublished\":\"2022-04-29T08:12:58+00:00\",\"dateModified\":\"2023-08-11T13:41:13+00:00\",\"breadcrumb\":{\"@id\":\"https:\\\/\\\/drasanvi.com\\\/pt\\\/producto\\\/vitamina-d3-400-ui-mastigavel-criancas\\\/#breadcrumb\"},\"inLanguage\":\"pt-PT\",\"potentialAction\":[{\"@type\":\"ReadAction\",\"target\":[\"https:\\\/\\\/drasanvi.com\\\/pt\\\/producto\\\/vitamina-d3-400-ui-mastigavel-criancas\\\/\"]}]},{\"@type\":\"ImageObject\",\"inLanguage\":\"pt-PT\",\"@id\":\"https:\\\/\\\/drasanvi.com\\\/pt\\\/producto\\\/vitamina-d3-400-ui-mastigavel-criancas\\\/#primaryimage\",\"url\":\"https:\\\/\\\/drasanvi.com\\\/pt\\\/wp-content\\\/uploads\\\/sites\\\/6\\\/2022\\\/04\\\/032050459.png\",\"contentUrl\":\"https:\\\/\\\/drasanvi.com\\\/pt\\\/wp-content\\\/uploads\\\/sites\\\/6\\\/2022\\\/04\\\/032050459.png\",\"width\":1000,\"height\":1000},{\"@type\":\"BreadcrumbList\",\"@id\":\"https:\\\/\\\/drasanvi.com\\\/pt\\\/producto\\\/vitamina-d3-400-ui-mastigavel-criancas\\\/#breadcrumb\",\"itemListElement\":[{\"@type\":\"ListItem\",\"position\":1,\"name\":\"Portada\",\"item\":\"https:\\\/\\\/drasanvi.com\\\/pt\\\/\"},{\"@type\":\"ListItem\",\"position\":2,\"name\":\"Tienda\",\"item\":\"https:\\\/\\\/drasanvi.com\\\/pt\\\/tienda\\\/\"},{\"@type\":\"ListItem\",\"position\":3,\"name\":\"Vitamina D3 400 UI Mastig\u00e1vel Crian\u00e7as\"}]},{\"@type\":\"WebSite\",\"@id\":\"https:\\\/\\\/drasanvi.com\\\/pt\\\/#website\",\"url\":\"https:\\\/\\\/drasanvi.com\\\/pt\\\/\",\"name\":\"Drasanvi Portugal\",\"description\":\"L\u00edder en complementos alimenticios y cosm\u00e9tica natural.\",\"publisher\":{\"@id\":\"https:\\\/\\\/drasanvi.com\\\/pt\\\/#organization\"},\"potentialAction\":[{\"@type\":\"SearchAction\",\"target\":{\"@type\":\"EntryPoint\",\"urlTemplate\":\"https:\\\/\\\/drasanvi.com\\\/pt\\\/?s={search_term_string}\"},\"query-input\":{\"@type\":\"PropertyValueSpecification\",\"valueRequired\":true,\"valueName\":\"search_term_string\"}}],\"inLanguage\":\"pt-PT\"},{\"@type\":\"Organization\",\"@id\":\"https:\\\/\\\/drasanvi.com\\\/pt\\\/#organization\",\"name\":\"Drasanvi\",\"url\":\"https:\\\/\\\/drasanvi.com\\\/pt\\\/\",\"logo\":{\"@type\":\"ImageObject\",\"inLanguage\":\"pt-PT\",\"@id\":\"https:\\\/\\\/drasanvi.com\\\/pt\\\/#\\\/schema\\\/logo\\\/image\\\/\",\"url\":\"https:\\\/\\\/drasanvi.com\\\/wp-content\\\/uploads\\\/sites\\\/6\\\/2021\\\/07\\\/logo-drasanvi.png\",\"contentUrl\":\"https:\\\/\\\/drasanvi.com\\\/wp-content\\\/uploads\\\/sites\\\/6\\\/2021\\\/07\\\/logo-drasanvi.png\",\"width\":900,\"height\":300,\"caption\":\"Drasanvi\"},\"image\":{\"@id\":\"https:\\\/\\\/drasanvi.com\\\/pt\\\/#\\\/schema\\\/logo\\\/image\\\/\"}}]}<\/script>\n<!-- \/ Yoast SEO plugin. -->","yoast_head_json":{"title":"Vitamina D3 400 UI Mastig\u00e1vel Crian\u00e7as - Drasanvi Portugal","robots":{"index":"index","follow":"follow","max-snippet":"max-snippet:-1","max-image-preview":"max-image-preview:large","max-video-preview":"max-video-preview:-1"},"canonical":"https:\/\/drasanvi.com\/pt\/producto\/vitamina-d3-400-ui-mastigavel-criancas\/","og_locale":"pt_PT","og_type":"article","og_title":"Vitamina D3 400 UI Mastig\u00e1vel Crian\u00e7as - Drasanvi Portugal","og_description":"A\u00a0vitamina D3\u00a0\u00e9 uma vitamina sol\u00favel em gordura que a nossa pele sintetiza ao expor-se \u00e0 luz do sol ou mediante uma correta alimenta\u00e7\u00e3o ou suplementa\u00e7\u00e3o. Afeta o nosso estado de \u00e1nimo e a o nosso bem-estar, assim como a sa\u00fade dos ossos e articula\u00e7\u00f5es.Para pode disfrutar dela, \u00e9 necess\u00e1rio um fornecimento correto de Vitamina e a correta exposi\u00e7\u00e3o solar. Se n\u00e3o dispomos de alguma das duas fontes, podemos desenvolver um estado de carencia.Ficha t\u00e9cnica","og_url":"https:\/\/drasanvi.com\/pt\/producto\/vitamina-d3-400-ui-mastigavel-criancas\/","og_site_name":"Drasanvi Portugal","article_modified_time":"2023-08-11T13:41:13+00:00","og_image":[{"width":1000,"height":1000,"url":"https:\/\/drasanvi.com\/pt\/wp-content\/uploads\/sites\/6\/2022\/04\/032050459.png","type":"image\/png"}],"twitter_card":"summary_large_image","schema":{"@context":"https:\/\/schema.org","@graph":[{"@type":"WebPage","@id":"https:\/\/drasanvi.com\/pt\/producto\/vitamina-d3-400-ui-mastigavel-criancas\/","url":"https:\/\/drasanvi.com\/pt\/producto\/vitamina-d3-400-ui-mastigavel-criancas\/","name":"Vitamina D3 400 UI Mastig\u00e1vel Crian\u00e7as - Drasanvi Portugal","isPartOf":{"@id":"https:\/\/drasanvi.com\/pt\/#website"},"primaryImageOfPage":{"@id":"https:\/\/drasanvi.com\/pt\/producto\/vitamina-d3-400-ui-mastigavel-criancas\/#primaryimage"},"image":{"@id":"https:\/\/drasanvi.com\/pt\/producto\/vitamina-d3-400-ui-mastigavel-criancas\/#primaryimage"},"thumbnailUrl":"https:\/\/drasanvi.com\/pt\/wp-content\/uploads\/sites\/6\/2022\/04\/032050459.png","datePublished":"2022-04-29T08:12:58+00:00","dateModified":"2023-08-11T13:41:13+00:00","breadcrumb":{"@id":"https:\/\/drasanvi.com\/pt\/producto\/vitamina-d3-400-ui-mastigavel-criancas\/#breadcrumb"},"inLanguage":"pt-PT","potentialAction":[{"@type":"ReadAction","target":["https:\/\/drasanvi.com\/pt\/producto\/vitamina-d3-400-ui-mastigavel-criancas\/"]}]},{"@type":"ImageObject","inLanguage":"pt-PT","@id":"https:\/\/drasanvi.com\/pt\/producto\/vitamina-d3-400-ui-mastigavel-criancas\/#primaryimage","url":"https:\/\/drasanvi.com\/pt\/wp-content\/uploads\/sites\/6\/2022\/04\/032050459.png","contentUrl":"https:\/\/drasanvi.com\/pt\/wp-content\/uploads\/sites\/6\/2022\/04\/032050459.png","width":1000,"height":1000},{"@type":"BreadcrumbList","@id":"https:\/\/drasanvi.com\/pt\/producto\/vitamina-d3-400-ui-mastigavel-criancas\/#breadcrumb","itemListElement":[{"@type":"ListItem","position":1,"name":"Portada","item":"https:\/\/drasanvi.com\/pt\/"},{"@type":"ListItem","position":2,"name":"Tienda","item":"https:\/\/drasanvi.com\/pt\/tienda\/"},{"@type":"ListItem","position":3,"name":"Vitamina D3 400 UI Mastig\u00e1vel Crian\u00e7as"}]},{"@type":"WebSite","@id":"https:\/\/drasanvi.com\/pt\/#website","url":"https:\/\/drasanvi.com\/pt\/","name":"Drasanvi Portugal","description":"L\u00edder en complementos alimenticios y cosm\u00e9tica natural.","publisher":{"@id":"https:\/\/drasanvi.com\/pt\/#organization"},"potentialAction":[{"@type":"SearchAction","target":{"@type":"EntryPoint","urlTemplate":"https:\/\/drasanvi.com\/pt\/?s={search_term_string}"},"query-input":{"@type":"PropertyValueSpecification","valueRequired":true,"valueName":"search_term_string"}}],"inLanguage":"pt-PT"},{"@type":"Organization","@id":"https:\/\/drasanvi.com\/pt\/#organization","name":"Drasanvi","url":"https:\/\/drasanvi.com\/pt\/","logo":{"@type":"ImageObject","inLanguage":"pt-PT","@id":"https:\/\/drasanvi.com\/pt\/#\/schema\/logo\/image\/","url":"https:\/\/drasanvi.com\/wp-content\/uploads\/sites\/6\/2021\/07\/logo-drasanvi.png","contentUrl":"https:\/\/drasanvi.com\/wp-content\/uploads\/sites\/6\/2021\/07\/logo-drasanvi.png","width":900,"height":300,"caption":"Drasanvi"},"image":{"@id":"https:\/\/drasanvi.com\/pt\/#\/schema\/logo\/image\/"}}]}},"_links":{"self":[{"href":"https:\/\/drasanvi.com\/pt\/wp-json\/wp\/v2\/product\/23730","targetHints":{"allow":["GET"]}}],"collection":[{"href":"https:\/\/drasanvi.com\/pt\/wp-json\/wp\/v2\/product"}],"about":[{"href":"https:\/\/drasanvi.com\/pt\/wp-json\/wp\/v2\/types\/product"}],"version-history":[{"count":0,"href":"https:\/\/drasanvi.com\/pt\/wp-json\/wp\/v2\/product\/23730\/revisions"}],"wp:featuredmedia":[{"embeddable":true,"href":"https:\/\/drasanvi.com\/pt\/wp-json\/wp\/v2\/media\/23732"}],"wp:attachment":[{"href":"https:\/\/drasanvi.com\/pt\/wp-json\/wp\/v2\/media?parent=23730"}],"wp:term":[{"taxonomy":"product_cat","embeddable":true,"href":"https:\/\/drasanvi.com\/pt\/wp-json\/wp\/v2\/product_cat?post=23730"},{"taxonomy":"product_tag","embeddable":true,"href":"https:\/\/drasanvi.com\/pt\/wp-json\/wp\/v2\/product_tag?post=23730"}],"curies":[{"name":"wp","href":"https:\/\/api.w.org\/{rel}","templated":true}]}}