{"id":15058,"date":"2021-08-09T12:05:53","date_gmt":"2021-08-09T10:05:53","guid":{"rendered":"https:\/\/drasanvi.com\/pt\/?page_id=15058"},"modified":"2021-08-09T12:05:54","modified_gmt":"2021-08-09T10:05:54","slug":"aviso-legal","status":"publish","type":"page","link":"https:\/\/drasanvi.com\/pt\/aviso-legal\/","title":{"rendered":"Aviso legal"},"content":{"rendered":"\n<h2 class=\"wp-block-heading\">LEY DE SERVICIOS DE SOCIEDAD DE LA INFORMACI\u00d3N (LSSICE):<\/h2>\n\n\n\n<p>En virtud de lo establecido en el art\u00edculo 10 de la Ley 34\/2002 de 11 de julio, de Servicios de la Sociedad de la Informaci\u00f3n y del Comercio Electr\u00f3nico (LSSICE) se informa al usuario que el titular de esta p\u00e1gina web es DRASANVI SL., inscrita en el Registro Mercantil de LEON, Tomo 630, Folio 112, Hoja LE-4714 y cuyos datos identificativos constan en el presente aviso legal.<\/p>\n\n\n\n<h2 class=\"wp-block-heading\">REGLAMENTO EUROPEO DE PROTECCI\u00d3N DE DATOS PERSONALES:<\/h2>\n\n\n\n<p><strong>\u00bfQui\u00e9n es el Responsable del tratamiento de los datos personales recabados a trav\u00e9s de esta web?<\/strong>En cumplimiento de lo establecido por el Reglamento (UE) 2016\/679, del Parlamento Europeo y del Consejo, de 27 de abril de 2016, relativo a la protecci\u00f3n de los datos de las personas f\u00edsicas en lo que respecta al tratamiento de datos personales y a la libre circulaci\u00f3n de estos datos, se informa a los usuarios de este sitio web que el Responsable del tratamiento de sus datos es:<\/p>\n\n\n\n<ul class=\"wp-block-list\"><li>DRASANVI SL<\/li><li>Delegado de protecci\u00f3n de datos de Drasanvi: Mar\u00eda Mallada<\/li><li>CIF: B24279093<\/li><li>Domicilio: Calle 1, Parcela 99, Villadangos del P\u00e1ramo (LEON)<\/li><li>Tel\u00e9fono: 987 20 31 06<\/li><li>Direcci\u00f3n Mail: lopd@drasanvi.com<\/li><\/ul>\n\n\n\n<p>De acuerdo con lo establecido en la normativa europea de Protecci\u00f3n de datos personales, DRASANVI SL garantiza la protecci\u00f3n y confidencialidad de los datos personales proporcionados por los usuarios a trav\u00e9s de esta web, seg\u00fan lo establecido en la presente pol\u00edtica de protecci\u00f3n de datos, que debe haber aceptado en el formulario de contacto.<br><strong>\u00bfQu\u00e9 datos personales trataremos y cu\u00e1l es la obligatoriedad a suministrarlos?<\/strong>Siguiendo el principio de privacidad por defecto, \u00fanicamente solicitaremos los datos necesarios para llevar a cabo la finalidad para la cual se han recabado, de manera que s\u00f3lo solicitaremos datos proporcionales y no excesivos a trav\u00e9s del formulario de contacto.&nbsp; La negativa por parte del usuario a proporcionar sus datos en dicho formulario o el suministro de datos incorrectos, impedir\u00e1 que podamos atender su solicitud, sin perjuicio de que pueda visualizar libremente el contenido del sitio web.<br>As\u00ed mismo, le informamos que en caso de facilitarnos su curriculum vitae a trav\u00e9s de este sitio web, \u00fanicamente debe incluir en el mismo sus datos personales relativos a titulaci\u00f3n y experiencia profesional, de manera que si usted incluye informaci\u00f3n relativa a aspectos de su personalidad, grado de discapacidad, etc. procederemos a su destrucci\u00f3n inmediata siguiendo las medidas de seguridad correspondientes para dicha destrucci\u00f3n y sin que por tanto, se tenga en cuenta su candidatura en los procesos de selecci\u00f3n llevados a cabo en la empresa.<br>De igual modo, le informamos que algunas de las funcionalidades de este sitio web permiten la geolocalizaci\u00f3n del dispositivo desde el cual se accede.<br><strong>\u00bfCon qu\u00e9 finalidad y legitimaci\u00f3n tratamos sus datos personales?<\/strong><\/p>\n\n\n\n<ol class=\"wp-block-list\"><li>1Gesti\u00f3n de consultas formuladas a trav\u00e9s de la web. Realizaremos los tratamientos de datos necesarios para la atenci\u00f3n de su solicitud de informaci\u00f3n, de manera que trataremos datos como su nombre, apellidos, DNI, e-mail, tel\u00e9fono, provincia, c\u00f3digo postal.<\/li><li>Gesti\u00f3n de la navegaci\u00f3n del usuario a trav\u00e9s de la web (tratamiento de datos de cookies) sus datos se tratar\u00e1n conforme a la pol\u00edtica de cookies disponible en esta p\u00e1gina.<\/li><li>Control inform\u00e1tico de la p\u00e1gina web. Realizaremos actuaciones de control del uso de la p\u00e1gina web para prevenir y detectar cualquier utilizaci\u00f3n indebida.<\/li><li>Gesti\u00f3n de la suscripci\u00f3n a nuestra newsletter. Siempre que contemos con su expresa autorizaci\u00f3n, llevaremos a cabo las operaciones de tratamiento de sus datos para tramitar su suscripci\u00f3n a nuestros boletines informativos y newsletter.<\/li><li>Gesti\u00f3n de curriculums y selecci\u00f3n de personal. En caso de que nos facilite su curriculum vitae, ante una posible vacante valoraremos su candidatura en funci\u00f3n del puesto de trabajo.<\/li><\/ol>\n\n\n\n<p>La BASE JUR\u00cdDICA que legitima el tratamiento es el consentimiento expreso otorgado por el usuario al aceptar la presente pol\u00edtica de protecci\u00f3n de datos, mediante la marcaci\u00f3n de la casilla correspondiente habilitada en el formulario de contacto.<br><strong>\u00bfLe enviaremos comunicaciones comerciales?<\/strong>Solamente si contamos con su consentimiento expreso, podremos remitirle comunicaciones relativas a nuestros productos\/servicios, a trav\u00e9s de correo postal y por medios electr\u00f3nicos (e-mail, SMS) en base al consentimiento solicitado por nuestra empresa y otorgado por el usuario previamente. De no contar con su consentimiento expreso, en ning\u00fan caso le remitiremos dichas comunicaciones.<br><strong>\u00bfPor cu\u00e1nto tiempo conservaremos sus datos?<\/strong>Sus datos personales se tratar\u00e1n durante el tiempo necesario para la atenci\u00f3n de su consulta o petici\u00f3n. Si finalmente usted llega a contratar nuestros productos\/servicios, le informaremos en ese momento del tiempo de conservaci\u00f3n de sus datos personales.<br><strong>\u00bfA qui\u00e9nes comunicaremos sus datos?<\/strong>\u00danicamente comunicaremos sus datos personales a Organismos P\u00fablicos para el cumplimiento de obligaciones legales y en su caso a nuestros proveedores de hosting y de servicios tecnol\u00f3gicos.<br><strong>\u00bfC\u00f3mo hemos obtenido tus datos?<\/strong>Los datos personales se han obtenido a trav\u00e9s del formulario de contacto habilitado en esta sitio web.<br><strong>\u00bfC\u00f3mo puede el usuario revocar su consentimiento?<\/strong>El usuario puede desde este momento y en cualquier otro posterior retirar el consentimiento otorgado para el tratamiento de sus datos, mediante comunicaci\u00f3n dirigida a: lopd@drasanvi.com, el cual no tendr\u00e1 en ning\u00fan caso efectos retroactivos.<br><strong>\u00bfCu\u00e1les son sus derechos en protecci\u00f3n de datos?<\/strong>Usted puede ejercitar, si lo desea, los derechos de acceso, rectificaci\u00f3n y supresi\u00f3n de datos, limitaci\u00f3n del tratamiento, portabilidad y oposici\u00f3n a trav\u00e9s de comunicaci\u00f3n dirigida a nuestro domicilio o mediante correo electr\u00f3nico enviado a la direcci\u00f3n: lopd@drasanvi.com<br>De igual modo, tiene derecho a presentar reclamaci\u00f3n ante la Agencia Espa\u00f1ola de Protecci\u00f3n de Datos si considera que se han vulnerado sus derechos en materia de protecci\u00f3n de datos personales.<\/p>\n\n\n\n<h2 class=\"wp-block-heading\">LEY APLICABLE Y JURISDICCI\u00d3N:<\/h2>\n\n\n\n<p>Las presentes condiciones generales se rigen por la legislaci\u00f3n espa\u00f1ola. Estas Condiciones Generales se rigen por la ley espa\u00f1ola. Las partes se someten, a su elecci\u00f3n, para la resoluci\u00f3n de los conflictos y con renuncia a cualquier otro fuero, a los juzgados y tribunales del domicilio del usuario. Asimismo, como entidad adherida a CONFIANZA ONLINE y en los t\u00e9rminos de su C\u00f3digo \u00c9tico, en caso de controversias relativas a la contrataci\u00f3n y publicidad online, protecci\u00f3n de datos y protecci\u00f3n de menores, el usuario podr\u00e1 acudir al sistema de resoluci\u00f3n extrajudicial de controversias de CONFIANZA ONLINE (www.confianzaonline.es).<\/p>\n","protected":false},"excerpt":{"rendered":"<p>LEY DE SERVICIOS DE SOCIEDAD DE LA INFORMACI\u00d3N (LSSICE): En virtud de lo establecido en el art\u00edculo 10 de la<\/p>\n","protected":false},"author":1,"featured_media":0,"parent":0,"menu_order":0,"comment_status":"closed","ping_status":"closed","template":"","meta":{"inline_featured_image":false,"footnotes":""},"class_list":["post-15058","page","type-page","status-publish","hentry"],"yoast_head":"<!-- This site is optimized with the Yoast SEO plugin v27.5 - https:\/\/yoast.com\/product\/yoast-seo-wordpress\/ -->\n<title>Aviso legal - Drasanvi Portugal<\/title>\n<meta name=\"robots\" content=\"noindex, follow\" \/>\n<meta property=\"og:locale\" content=\"pt_PT\" \/>\n<meta property=\"og:type\" content=\"article\" \/>\n<meta property=\"og:title\" content=\"Aviso legal - Drasanvi Portugal\" \/>\n<meta property=\"og:description\" content=\"LEY DE SERVICIOS DE SOCIEDAD DE LA INFORMACI\u00d3N (LSSICE): En virtud de lo establecido en el art\u00edculo 10 de la\" \/>\n<meta property=\"og:url\" content=\"https:\/\/drasanvi.com\/pt\/aviso-legal\/\" \/>\n<meta property=\"og:site_name\" content=\"Drasanvi Portugal\" \/>\n<meta property=\"article:modified_time\" content=\"2021-08-09T10:05:54+00:00\" \/>\n<meta name=\"twitter:card\" content=\"summary_large_image\" \/>\n<script type=\"application\/ld+json\" class=\"yoast-schema-graph\">{\"@context\":\"https:\\\/\\\/schema.org\",\"@graph\":[{\"@type\":\"WebPage\",\"@id\":\"https:\\\/\\\/drasanvi.com\\\/pt\\\/aviso-legal\\\/\",\"url\":\"https:\\\/\\\/drasanvi.com\\\/pt\\\/aviso-legal\\\/\",\"name\":\"Aviso legal - Drasanvi Portugal\",\"isPartOf\":{\"@id\":\"https:\\\/\\\/drasanvi.com\\\/pt\\\/#website\"},\"datePublished\":\"2021-08-09T10:05:53+00:00\",\"dateModified\":\"2021-08-09T10:05:54+00:00\",\"breadcrumb\":{\"@id\":\"https:\\\/\\\/drasanvi.com\\\/pt\\\/aviso-legal\\\/#breadcrumb\"},\"inLanguage\":\"pt-PT\",\"potentialAction\":[{\"@type\":\"ReadAction\",\"target\":[\"https:\\\/\\\/drasanvi.com\\\/pt\\\/aviso-legal\\\/\"]}]},{\"@type\":\"BreadcrumbList\",\"@id\":\"https:\\\/\\\/drasanvi.com\\\/pt\\\/aviso-legal\\\/#breadcrumb\",\"itemListElement\":[{\"@type\":\"ListItem\",\"position\":1,\"name\":\"Portada\",\"item\":\"https:\\\/\\\/drasanvi.com\\\/pt\\\/\"},{\"@type\":\"ListItem\",\"position\":2,\"name\":\"Aviso legal\"}]},{\"@type\":\"WebSite\",\"@id\":\"https:\\\/\\\/drasanvi.com\\\/pt\\\/#website\",\"url\":\"https:\\\/\\\/drasanvi.com\\\/pt\\\/\",\"name\":\"Drasanvi Portugal\",\"description\":\"L\u00edder en complementos alimenticios y cosm\u00e9tica natural.\",\"publisher\":{\"@id\":\"https:\\\/\\\/drasanvi.com\\\/pt\\\/#organization\"},\"potentialAction\":[{\"@type\":\"SearchAction\",\"target\":{\"@type\":\"EntryPoint\",\"urlTemplate\":\"https:\\\/\\\/drasanvi.com\\\/pt\\\/?s={search_term_string}\"},\"query-input\":{\"@type\":\"PropertyValueSpecification\",\"valueRequired\":true,\"valueName\":\"search_term_string\"}}],\"inLanguage\":\"pt-PT\"},{\"@type\":\"Organization\",\"@id\":\"https:\\\/\\\/drasanvi.com\\\/pt\\\/#organization\",\"name\":\"Drasanvi\",\"url\":\"https:\\\/\\\/drasanvi.com\\\/pt\\\/\",\"logo\":{\"@type\":\"ImageObject\",\"inLanguage\":\"pt-PT\",\"@id\":\"https:\\\/\\\/drasanvi.com\\\/pt\\\/#\\\/schema\\\/logo\\\/image\\\/\",\"url\":\"https:\\\/\\\/drasanvi.com\\\/wp-content\\\/uploads\\\/sites\\\/6\\\/2021\\\/07\\\/logo-drasanvi.png\",\"contentUrl\":\"https:\\\/\\\/drasanvi.com\\\/wp-content\\\/uploads\\\/sites\\\/6\\\/2021\\\/07\\\/logo-drasanvi.png\",\"width\":900,\"height\":300,\"caption\":\"Drasanvi\"},\"image\":{\"@id\":\"https:\\\/\\\/drasanvi.com\\\/pt\\\/#\\\/schema\\\/logo\\\/image\\\/\"}}]}<\/script>\n<!-- \/ Yoast SEO plugin. -->","yoast_head_json":{"title":"Aviso legal - Drasanvi Portugal","robots":{"index":"noindex","follow":"follow"},"og_locale":"pt_PT","og_type":"article","og_title":"Aviso legal - Drasanvi Portugal","og_description":"LEY DE SERVICIOS DE SOCIEDAD DE LA INFORMACI\u00d3N (LSSICE): En virtud de lo establecido en el art\u00edculo 10 de la","og_url":"https:\/\/drasanvi.com\/pt\/aviso-legal\/","og_site_name":"Drasanvi Portugal","article_modified_time":"2021-08-09T10:05:54+00:00","twitter_card":"summary_large_image","schema":{"@context":"https:\/\/schema.org","@graph":[{"@type":"WebPage","@id":"https:\/\/drasanvi.com\/pt\/aviso-legal\/","url":"https:\/\/drasanvi.com\/pt\/aviso-legal\/","name":"Aviso legal - Drasanvi Portugal","isPartOf":{"@id":"https:\/\/drasanvi.com\/pt\/#website"},"datePublished":"2021-08-09T10:05:53+00:00","dateModified":"2021-08-09T10:05:54+00:00","breadcrumb":{"@id":"https:\/\/drasanvi.com\/pt\/aviso-legal\/#breadcrumb"},"inLanguage":"pt-PT","potentialAction":[{"@type":"ReadAction","target":["https:\/\/drasanvi.com\/pt\/aviso-legal\/"]}]},{"@type":"BreadcrumbList","@id":"https:\/\/drasanvi.com\/pt\/aviso-legal\/#breadcrumb","itemListElement":[{"@type":"ListItem","position":1,"name":"Portada","item":"https:\/\/drasanvi.com\/pt\/"},{"@type":"ListItem","position":2,"name":"Aviso legal"}]},{"@type":"WebSite","@id":"https:\/\/drasanvi.com\/pt\/#website","url":"https:\/\/drasanvi.com\/pt\/","name":"Drasanvi Portugal","description":"L\u00edder en complementos alimenticios y cosm\u00e9tica natural.","publisher":{"@id":"https:\/\/drasanvi.com\/pt\/#organization"},"potentialAction":[{"@type":"SearchAction","target":{"@type":"EntryPoint","urlTemplate":"https:\/\/drasanvi.com\/pt\/?s={search_term_string}"},"query-input":{"@type":"PropertyValueSpecification","valueRequired":true,"valueName":"search_term_string"}}],"inLanguage":"pt-PT"},{"@type":"Organization","@id":"https:\/\/drasanvi.com\/pt\/#organization","name":"Drasanvi","url":"https:\/\/drasanvi.com\/pt\/","logo":{"@type":"ImageObject","inLanguage":"pt-PT","@id":"https:\/\/drasanvi.com\/pt\/#\/schema\/logo\/image\/","url":"https:\/\/drasanvi.com\/wp-content\/uploads\/sites\/6\/2021\/07\/logo-drasanvi.png","contentUrl":"https:\/\/drasanvi.com\/wp-content\/uploads\/sites\/6\/2021\/07\/logo-drasanvi.png","width":900,"height":300,"caption":"Drasanvi"},"image":{"@id":"https:\/\/drasanvi.com\/pt\/#\/schema\/logo\/image\/"}}]}},"_links":{"self":[{"href":"https:\/\/drasanvi.com\/pt\/wp-json\/wp\/v2\/pages\/15058","targetHints":{"allow":["GET"]}}],"collection":[{"href":"https:\/\/drasanvi.com\/pt\/wp-json\/wp\/v2\/pages"}],"about":[{"href":"https:\/\/drasanvi.com\/pt\/wp-json\/wp\/v2\/types\/page"}],"author":[{"embeddable":true,"href":"https:\/\/drasanvi.com\/pt\/wp-json\/wp\/v2\/users\/1"}],"replies":[{"embeddable":true,"href":"https:\/\/drasanvi.com\/pt\/wp-json\/wp\/v2\/comments?post=15058"}],"version-history":[{"count":0,"href":"https:\/\/drasanvi.com\/pt\/wp-json\/wp\/v2\/pages\/15058\/revisions"}],"wp:attachment":[{"href":"https:\/\/drasanvi.com\/pt\/wp-json\/wp\/v2\/media?parent=15058"}],"curies":[{"name":"wp","href":"https:\/\/api.w.org\/{rel}","templated":true}]}}