{"id":17429,"date":"2022-02-04T14:49:04","date_gmt":"2022-02-04T12:49:04","guid":{"rendered":"https:\/\/drasanvi.com\/fr\/?page_id=17429"},"modified":"2022-05-03T12:16:07","modified_gmt":"2022-05-03T10:16:07","slug":"rsc","status":"publish","type":"page","link":"https:\/\/drasanvi.com\/fr\/rsc\/","title":{"rendered":"RSC"},"content":{"rendered":"\t\t<div data-elementor-type=\"wp-page\" data-elementor-id=\"17429\" class=\"elementor elementor-17429\" data-elementor-settings=\"{&quot;ha_cmc_init_switcher&quot;:&quot;no&quot;}\" data-elementor-post-type=\"page\">\n\t\t\t\t\t\t<section class=\"wd-negative-gap elementor-section elementor-top-section elementor-element elementor-element-919b21a elementor-section-stretched elementor-section-boxed elementor-section-height-default elementor-section-height-default\" data-id=\"919b21a\" data-element_type=\"section\" data-e-type=\"section\" data-settings=\"{&quot;stretch_section&quot;:&quot;section-stretched&quot;,&quot;background_background&quot;:&quot;classic&quot;,&quot;_ha_eqh_enable&quot;:false}\">\n\t\t\t\t\t\t<div class=\"elementor-container elementor-column-gap-default\">\n\t\t\t\t\t<div class=\"elementor-column elementor-col-100 elementor-top-column elementor-element elementor-element-916300e\" data-id=\"916300e\" data-element_type=\"column\" data-e-type=\"column\">\n\t\t\t<div class=\"elementor-widget-wrap elementor-element-populated\">\n\t\t\t\t\t\t<section class=\"elementor-section elementor-inner-section elementor-element elementor-element-3b51aea elementor-section-boxed elementor-section-height-default elementor-section-height-default\" data-id=\"3b51aea\" data-element_type=\"section\" data-e-type=\"section\" data-settings=\"{&quot;_ha_eqh_enable&quot;:false}\">\n\t\t\t\t\t\t<div class=\"elementor-container elementor-column-gap-default\">\n\t\t\t\t\t<div class=\"elementor-column elementor-col-100 elementor-inner-column elementor-element elementor-element-f2138a3\" data-id=\"f2138a3\" data-element_type=\"column\" data-e-type=\"column\">\n\t\t\t<div class=\"elementor-widget-wrap elementor-element-populated\">\n\t\t\t\t\t\t<div class=\"elementor-element elementor-element-1b02f75 ha-has-bg-overlay elementor-widget elementor-widget-heading\" data-id=\"1b02f75\" data-element_type=\"widget\" data-e-type=\"widget\" data-widget_type=\"heading.default\">\n\t\t\t\t<div class=\"elementor-widget-container\">\n\t\t\t\t\t<h2 class=\"elementor-heading-title elementor-size-default\">Nous d\u00e9fendons l'int\u00e9gration des travailleurs<\/h2>\t\t\t\t<\/div>\n\t\t\t\t<\/div>\n\t\t\t\t<div class=\"elementor-element elementor-element-ef071f1 text-center color-scheme-inherit ha-has-bg-overlay elementor-widget elementor-widget-text-editor\" data-id=\"ef071f1\" data-element_type=\"widget\" data-e-type=\"widget\" data-widget_type=\"text-editor.default\">\n\t\t\t\t<div class=\"elementor-widget-container\">\n\t\t\t\t\t\t\t\t\t<p>Depuis 2003, Drasanvi dispose d&rsquo;un Centre d&rsquo;Emploi Sp\u00e9cial (CEE) pour les activit\u00e9s de production, de conditionnement et de distribution.<\/p><p>Nous investissons une grande partie de nos efforts dans ce projet car nous croyons fermement \u00e0 la n\u00e9cessit\u00e9 de soutenir l&rsquo;int\u00e9gration des personnes handicap\u00e9es dans le monde du travail, en leur offrant un travail de qualit\u00e9, une formation continue et une incorporation dans diff\u00e9rents domaines de connaissance. Ce centre continue d&rsquo;\u00eatre une r\u00e9alit\u00e9 gr\u00e2ce \u00e0 l&rsquo;\u00e9troite collaboration que nous entretenons avec INSERTA Empleo, une entit\u00e9 de la Fondation ONCE, sp\u00e9cialis\u00e9e dans la prestation de services d&rsquo;interm\u00e9diation du travail, de recrutement et de d\u00e9veloppement des talents.<\/p>\t\t\t\t\t\t\t\t<\/div>\n\t\t\t\t<\/div>\n\t\t\t\t\t<\/div>\n\t\t<\/div>\n\t\t\t\t\t<\/div>\n\t\t<\/section>\n\t\t\t\t\t<\/div>\n\t\t<\/div>\n\t\t\t\t\t<\/div>\n\t\t<\/section>\n\t\t\t\t<section class=\"wd-negative-gap elementor-section elementor-top-section elementor-element elementor-element-7935d34 elementor-section-boxed elementor-section-height-default elementor-section-height-default\" data-id=\"7935d34\" data-element_type=\"section\" data-e-type=\"section\" data-settings=\"{&quot;_ha_eqh_enable&quot;:false}\">\n\t\t\t\t\t\t<div class=\"elementor-container elementor-column-gap-default\">\n\t\t\t\t\t<div class=\"elementor-column elementor-col-100 elementor-top-column elementor-element elementor-element-c47c90a\" data-id=\"c47c90a\" data-element_type=\"column\" data-e-type=\"column\">\n\t\t\t<div class=\"elementor-widget-wrap elementor-element-populated\">\n\t\t\t\t\t\t<section class=\"elementor-section elementor-inner-section elementor-element elementor-element-483bc19 elementor-section-boxed elementor-section-height-default elementor-section-height-default\" data-id=\"483bc19\" data-element_type=\"section\" data-e-type=\"section\" data-settings=\"{&quot;background_background&quot;:&quot;classic&quot;,&quot;_ha_eqh_enable&quot;:false}\">\n\t\t\t\t\t\t<div class=\"elementor-container elementor-column-gap-default\">\n\t\t\t\t\t<div class=\"elementor-column elementor-col-100 elementor-inner-column elementor-element elementor-element-7e7272e\" data-id=\"7e7272e\" data-element_type=\"column\" data-e-type=\"column\" data-settings=\"{&quot;background_background&quot;:&quot;classic&quot;}\">\n\t\t\t<div class=\"elementor-widget-wrap elementor-element-populated\">\n\t\t\t\t\t\t<div class=\"elementor-element elementor-element-91b3f68 color-scheme-inherit text-left elementor-widget elementor-widget-text-editor\" data-id=\"91b3f68\" data-element_type=\"widget\" data-e-type=\"widget\" data-widget_type=\"text-editor.default\">\n\t\t\t\t<div class=\"elementor-widget-container\">\n\t\t\t\t\t\t\t\t\t<p>Prix CONACEE (Conf\u00e9d\u00e9ration nationale des centres sp\u00e9ciaux d&#8217;emploi) en 2019 pour l&rsquo;int\u00e9gration des personnes handicap\u00e9es.<\/p>\t\t\t\t\t\t\t\t<\/div>\n\t\t\t\t<\/div>\n\t\t\t\t<div class=\"elementor-element elementor-element-9ed553a color-scheme-inherit text-left elementor-widget elementor-widget-text-editor\" data-id=\"9ed553a\" data-element_type=\"widget\" data-e-type=\"widget\" data-widget_type=\"text-editor.default\">\n\t\t\t\t<div class=\"elementor-widget-container\">\n\t\t\t\t\t\t\t\t\t<p>Nous disposons d&rsquo;un plan d&rsquo;\u00e9galit\u00e9 qui pr\u00e9voit l&rsquo;\u00e9galit\u00e9 des chances pour les hommes et les femmes et \u00e9limine la discrimination fond\u00e9e sur le sexe.<\/p>\t\t\t\t\t\t\t\t<\/div>\n\t\t\t\t<\/div>\n\t\t\t\t\t<\/div>\n\t\t<\/div>\n\t\t\t\t\t<\/div>\n\t\t<\/section>\n\t\t\t\t\t<\/div>\n\t\t<\/div>\n\t\t\t\t\t<\/div>\n\t\t<\/section>\n\t\t\t\t<section class=\"wd-negative-gap elementor-section elementor-top-section elementor-element elementor-element-04eb141 elementor-section-stretched elementor-section-boxed elementor-section-height-default elementor-section-height-default\" data-id=\"04eb141\" data-element_type=\"section\" data-e-type=\"section\" data-settings=\"{&quot;stretch_section&quot;:&quot;section-stretched&quot;,&quot;_ha_eqh_enable&quot;:false}\">\n\t\t\t\t\t\t<div class=\"elementor-container elementor-column-gap-default\">\n\t\t\t\t\t<div class=\"elementor-column elementor-col-100 elementor-top-column elementor-element elementor-element-8054bdc\" data-id=\"8054bdc\" data-element_type=\"column\" data-e-type=\"column\">\n\t\t\t<div class=\"elementor-widget-wrap elementor-element-populated\">\n\t\t\t\t\t\t<section class=\"elementor-section elementor-inner-section elementor-element elementor-element-c68af58 elementor-section-boxed elementor-section-height-default elementor-section-height-default\" data-id=\"c68af58\" data-element_type=\"section\" data-e-type=\"section\" data-settings=\"{&quot;_ha_eqh_enable&quot;:false}\">\n\t\t\t\t\t\t<div class=\"elementor-container elementor-column-gap-default\">\n\t\t\t\t\t<div class=\"elementor-column elementor-col-50 elementor-inner-column elementor-element elementor-element-dd69fdd\" data-id=\"dd69fdd\" data-element_type=\"column\" data-e-type=\"column\">\n\t\t\t<div class=\"elementor-widget-wrap elementor-element-populated\">\n\t\t\t\t\t\t<div class=\"elementor-element elementor-element-b7f7fcc ha-has-bg-overlay elementor-widget elementor-widget-heading\" data-id=\"b7f7fcc\" data-element_type=\"widget\" data-e-type=\"widget\" data-widget_type=\"heading.default\">\n\t\t\t\t<div class=\"elementor-widget-container\">\n\t\t\t\t\t<h2 class=\"elementor-heading-title elementor-size-default\">Engag\u00e9 en faveur de l'environnement<\/h2>\t\t\t\t<\/div>\n\t\t\t\t<\/div>\n\t\t\t\t<div class=\"elementor-element elementor-element-2d664cc color-scheme-inherit text-left ha-has-bg-overlay elementor-widget elementor-widget-text-editor\" data-id=\"2d664cc\" data-element_type=\"widget\" data-e-type=\"widget\" data-widget_type=\"text-editor.default\">\n\t\t\t\t<div class=\"elementor-widget-container\">\n\t\t\t\t\t\t\t\t\t<div data-aos=\"fade-up\" data-aos-duration=\"1500\" data-aos-delay=\"200\"><p>La nature et la pr\u00e9servation de l&rsquo;environnement sont le moteur de notre activit\u00e9 principale. C&rsquo;est pourquoi notre plan de responsabilit\u00e9 sociale des entreprises (RSE) comprend de nombreuses actions visant \u00e0 pr\u00e9server l&rsquo;environnement et \u00e0 r\u00e9duire l&#8217;empreinte carbone de nos syst\u00e8mes de production.<\/p><\/div>\t\t\t\t\t\t\t\t<\/div>\n\t\t\t\t<\/div>\n\t\t\t\t\t<\/div>\n\t\t<\/div>\n\t\t\t\t<div class=\"elementor-column elementor-col-50 elementor-inner-column elementor-element elementor-element-d3e32a1\" data-id=\"d3e32a1\" data-element_type=\"column\" data-e-type=\"column\">\n\t\t\t<div class=\"elementor-widget-wrap elementor-element-populated\">\n\t\t\t\t\t\t<div class=\"elementor-element elementor-element-53b1be0 elementor-arrows-position-inside elementor-pagination-position-outside elementor-widget elementor-widget-image-carousel\" data-id=\"53b1be0\" data-element_type=\"widget\" data-e-type=\"widget\" data-settings=\"{&quot;slides_to_show&quot;:&quot;1&quot;,&quot;navigation&quot;:&quot;both&quot;,&quot;autoplay&quot;:&quot;yes&quot;,&quot;pause_on_hover&quot;:&quot;yes&quot;,&quot;pause_on_interaction&quot;:&quot;yes&quot;,&quot;autoplay_speed&quot;:5000,&quot;infinite&quot;:&quot;yes&quot;,&quot;effect&quot;:&quot;slide&quot;,&quot;speed&quot;:500}\" data-widget_type=\"image-carousel.default\">\n\t\t\t\t<div class=\"elementor-widget-container\">\n\t\t\t\t\t\t\t<div class=\"elementor-image-carousel-wrapper swiper\" role=\"region\" aria-roledescription=\"carousel\" aria-label=\"Carrousel d\u2019images\" dir=\"ltr\">\n\t\t\t<div class=\"elementor-image-carousel swiper-wrapper\" aria-live=\"off\">\n\t\t\t\t\t\t\t\t<div class=\"swiper-slide\" role=\"group\" aria-roledescription=\"slide\" aria-label=\"1 sur 6\"><figure class=\"swiper-slide-inner\"><img decoding=\"async\" class=\"swiper-slide-image\" src=\"https:\/\/drasanvi.com\/fr\/wp-content\/uploads\/sites\/7\/2022\/02\/IMG_9194-copia-1.jpg\" alt=\"Nos emballages et nos proc\u00e9d\u00e9s de fabrication sont fabriqu\u00e9s \u00e0 partir de mat\u00e9riaux biod\u00e9gradables, recyclables et recycl\u00e9s.\" \/><figcaption class=\"elementor-image-carousel-caption\">Nos emballages et nos proc\u00e9d\u00e9s de fabrication sont fabriqu\u00e9s \u00e0 partir de mat\u00e9riaux biod\u00e9gradables, recyclables et recycl\u00e9s.<\/figcaption><\/figure><\/div><div class=\"swiper-slide\" role=\"group\" aria-roledescription=\"slide\" aria-label=\"2 sur 6\"><figure class=\"swiper-slide-inner\"><img decoding=\"async\" class=\"swiper-slide-image\" src=\"https:\/\/drasanvi.com\/fr\/wp-content\/uploads\/sites\/7\/2022\/02\/IMG_9174-copia-1.jpg\" alt=\"Le ruban d&#039;emballage est en papier kraft fabriqu\u00e9 \u00e0 partir d&#039;une mati\u00e8re premi\u00e8re naturelle, tout comme la colle, qui est d&#039;origine v\u00e9g\u00e9tale.\" \/><figcaption class=\"elementor-image-carousel-caption\">Le ruban d'emballage est en papier kraft fabriqu\u00e9 \u00e0 partir d'une mati\u00e8re premi\u00e8re naturelle, tout comme la colle, qui est d'origine v\u00e9g\u00e9tale.<\/figcaption><\/figure><\/div><div class=\"swiper-slide\" role=\"group\" aria-roledescription=\"slide\" aria-label=\"3 sur 6\"><figure class=\"swiper-slide-inner\"><img decoding=\"async\" class=\"swiper-slide-image\" src=\"https:\/\/drasanvi.com\/fr\/wp-content\/uploads\/sites\/7\/2022\/02\/Almacen_3-scaled.jpg\" alt=\"Les bureaux et les entrep\u00f4ts disposent de points de recyclage pour la collecte des emballages, du papier, du carton et des piles usag\u00e9es, ainsi que de la mise en \u0153uvre d&#039;autres mesures visant \u00e0 r\u00e9duire l&#039;utilisation du papier et \u00e0 \u00e9conomiser la consommation d&#039;eau et d&#039;\u00e9nergie.\" \/><figcaption class=\"elementor-image-carousel-caption\">Les bureaux et les entrep\u00f4ts disposent de points de recyclage pour la collecte des emballages, du papier, du carton et des piles usag\u00e9es, ainsi que de la mise en \u0153uvre d'autres mesures visant \u00e0 r\u00e9duire l'utilisation du papier et \u00e0 \u00e9conomiser la consommation d'eau et d'\u00e9nergie.<\/figcaption><\/figure><\/div><div class=\"swiper-slide\" role=\"group\" aria-roledescription=\"slide\" aria-label=\"4 sur 6\"><figure class=\"swiper-slide-inner\"><img decoding=\"async\" class=\"swiper-slide-image\" src=\"https:\/\/drasanvi.com\/fr\/wp-content\/uploads\/sites\/7\/2022\/02\/IMG_9191-copia-1.jpg\" alt=\"Les bo\u00eetes de distribution sont fabriqu\u00e9es en carton brut avec du papier gomm\u00e9 et du ruban adh\u00e9sif recycl\u00e9.\" \/><figcaption class=\"elementor-image-carousel-caption\">Les bo\u00eetes de distribution sont fabriqu\u00e9es en carton brut avec du papier gomm\u00e9 et du ruban adh\u00e9sif recycl\u00e9.<\/figcaption><\/figure><\/div><div class=\"swiper-slide\" role=\"group\" aria-roledescription=\"slide\" aria-label=\"5 sur 6\"><figure class=\"swiper-slide-inner\"><img decoding=\"async\" class=\"swiper-slide-image\" src=\"https:\/\/drasanvi.com\/fr\/wp-content\/uploads\/sites\/7\/2022\/02\/IMG_9284-copia-scaled.jpg\" alt=\"Les sacs de tous les produits de la gamme alimentaire que nous produisons sont compostables.\" \/><figcaption class=\"elementor-image-carousel-caption\">Les sacs de tous les produits de la gamme alimentaire que nous produisons sont compostables. <\/figcaption><\/figure><\/div><div class=\"swiper-slide\" role=\"group\" aria-roledescription=\"slide\" aria-label=\"6 sur 6\"><figure class=\"swiper-slide-inner\"><img decoding=\"async\" class=\"swiper-slide-image\" src=\"https:\/\/drasanvi.com\/fr\/wp-content\/uploads\/sites\/7\/2022\/01\/IMG_9427-scaled.jpg\" alt=\"Tous les emballages des produits sont fabriqu\u00e9s \u00e0 partir de carton FSC ou PEFC, c&#039;est-\u00e0-dire une garantie que le papier a \u00e9t\u00e9 r\u00e9colt\u00e9 dans des for\u00eats g\u00e9r\u00e9es de mani\u00e8re responsable.\" \/><figcaption class=\"elementor-image-carousel-caption\">Tous les emballages des produits sont fabriqu\u00e9s \u00e0 partir de carton FSC ou PEFC, c'est-\u00e0-dire une garantie que le papier a \u00e9t\u00e9 r\u00e9colt\u00e9 dans des for\u00eats g\u00e9r\u00e9es de mani\u00e8re responsable.<\/figcaption><\/figure><\/div>\t\t\t<\/div>\n\t\t\t\t\t\t\t\t\t\t\t\t<div class=\"elementor-swiper-button elementor-swiper-button-prev\" role=\"button\" tabindex=\"0\">\n\t\t\t\t\t\t<i aria-hidden=\"true\" class=\"eicon-chevron-left\"><\/i>\t\t\t\t\t<\/div>\n\t\t\t\t\t<div class=\"elementor-swiper-button elementor-swiper-button-next\" role=\"button\" tabindex=\"0\">\n\t\t\t\t\t\t<i aria-hidden=\"true\" class=\"eicon-chevron-right\"><\/i>\t\t\t\t\t<\/div>\n\t\t\t\t\n\t\t\t\t\t\t\t\t\t<div class=\"swiper-pagination\"><\/div>\n\t\t\t\t\t\t\t\t\t<\/div>\n\t\t\t\t\t\t<\/div>\n\t\t\t\t<\/div>\n\t\t\t\t\t<\/div>\n\t\t<\/div>\n\t\t\t\t\t<\/div>\n\t\t<\/section>\n\t\t\t\t\t<\/div>\n\t\t<\/div>\n\t\t\t\t\t<\/div>\n\t\t<\/section>\n\t\t\t\t<section class=\"wd-negative-gap elementor-section elementor-top-section elementor-element elementor-element-3abf561 elementor-section-stretched elementor-section-boxed elementor-section-height-default elementor-section-height-default\" data-id=\"3abf561\" data-element_type=\"section\" data-e-type=\"section\" data-settings=\"{&quot;stretch_section&quot;:&quot;section-stretched&quot;,&quot;background_background&quot;:&quot;classic&quot;,&quot;_ha_eqh_enable&quot;:false}\">\n\t\t\t\t\t\t<div class=\"elementor-container elementor-column-gap-default\">\n\t\t\t\t\t<div class=\"elementor-column elementor-col-100 elementor-top-column elementor-element elementor-element-24843ed\" data-id=\"24843ed\" data-element_type=\"column\" data-e-type=\"column\">\n\t\t\t<div class=\"elementor-widget-wrap elementor-element-populated\">\n\t\t\t\t\t\t<section class=\"elementor-section elementor-inner-section elementor-element elementor-element-62662ef elementor-section-boxed elementor-section-height-default elementor-section-height-default\" data-id=\"62662ef\" data-element_type=\"section\" data-e-type=\"section\" data-settings=\"{&quot;_ha_eqh_enable&quot;:false}\">\n\t\t\t\t\t\t<div class=\"elementor-container elementor-column-gap-default\">\n\t\t\t\t\t<div class=\"elementor-column elementor-col-100 elementor-inner-column elementor-element elementor-element-5b88283\" data-id=\"5b88283\" data-element_type=\"column\" data-e-type=\"column\">\n\t\t\t<div class=\"elementor-widget-wrap elementor-element-populated\">\n\t\t\t\t\t\t<div class=\"elementor-element elementor-element-f281059 ha-has-bg-overlay elementor-widget elementor-widget-heading\" data-id=\"f281059\" data-element_type=\"widget\" data-e-type=\"widget\" data-widget_type=\"heading.default\">\n\t\t\t\t<div class=\"elementor-widget-container\">\n\t\t\t\t\t<h2 class=\"elementor-heading-title elementor-size-default\">R\u00e9glementation<\/h2>\t\t\t\t<\/div>\n\t\t\t\t<\/div>\n\t\t\t\t<div class=\"elementor-element elementor-element-9d54586 text-center color-scheme-inherit ha-has-bg-overlay elementor-widget elementor-widget-text-editor\" data-id=\"9d54586\" data-element_type=\"widget\" data-e-type=\"widget\" data-widget_type=\"text-editor.default\">\n\t\t\t\t<div class=\"elementor-widget-container\">\n\t\t\t\t\t\t\t\t\t<p><strong>&#8211; ISO 14001:2018<\/strong> sur les syst\u00e8mes de management environnemental<\/p><p><strong>&#8211; ISO 9001:2018<\/strong> pour les syst\u00e8mes de management de la qualit\u00e9<\/p><p>&#8211; <strong>BPF<\/strong> (bonnes pratiques de fabrication) : nous suivons une s\u00e9rie de r\u00e8gles et de directives qui garantissent la fabrication de produits de qualit\u00e9 appropri\u00e9e et r\u00e9pondant aux normes de s\u00e9curit\u00e9 les plus \u00e9lev\u00e9es.<\/p><p>&#8211; <strong>Ecocert<\/strong> : Label europ\u00e9en qui certifie les cosm\u00e9tiques biologiques.<\/p>\t\t\t\t\t\t\t\t<\/div>\n\t\t\t\t<\/div>\n\t\t\t\t\t<\/div>\n\t\t<\/div>\n\t\t\t\t\t<\/div>\n\t\t<\/section>\n\t\t\t\t<section class=\"elementor-section elementor-inner-section elementor-element elementor-element-e4eb131 elementor-section-boxed elementor-section-height-default elementor-section-height-default\" data-id=\"e4eb131\" data-element_type=\"section\" data-e-type=\"section\" data-settings=\"{&quot;background_background&quot;:&quot;classic&quot;,&quot;_ha_eqh_enable&quot;:false}\">\n\t\t\t\t\t\t<div class=\"elementor-container elementor-column-gap-default\">\n\t\t\t\t\t<div class=\"elementor-column elementor-col-100 elementor-inner-column elementor-element elementor-element-a0a66bb\" data-id=\"a0a66bb\" data-element_type=\"column\" data-e-type=\"column\">\n\t\t\t<div class=\"elementor-widget-wrap elementor-element-populated\">\n\t\t\t\t\t\t<div class=\"elementor-element elementor-element-748d586 elementor-arrows-position-inside elementor-pagination-position-outside elementor-widget elementor-widget-image-carousel\" data-id=\"748d586\" data-element_type=\"widget\" data-e-type=\"widget\" data-settings=\"{&quot;slides_to_show&quot;:&quot;5&quot;,&quot;navigation&quot;:&quot;both&quot;,&quot;autoplay&quot;:&quot;yes&quot;,&quot;pause_on_hover&quot;:&quot;yes&quot;,&quot;pause_on_interaction&quot;:&quot;yes&quot;,&quot;autoplay_speed&quot;:5000,&quot;infinite&quot;:&quot;yes&quot;,&quot;speed&quot;:500}\" data-widget_type=\"image-carousel.default\">\n\t\t\t\t<div class=\"elementor-widget-container\">\n\t\t\t\t\t\t\t<div class=\"elementor-image-carousel-wrapper swiper\" role=\"region\" aria-roledescription=\"carousel\" aria-label=\"Carrousel d\u2019images\" dir=\"ltr\">\n\t\t\t<div class=\"elementor-image-carousel swiper-wrapper\" aria-live=\"off\">\n\t\t\t\t\t\t\t\t<div class=\"swiper-slide\" role=\"group\" aria-roledescription=\"slide\" aria-label=\"1 sur 5\"><figure class=\"swiper-slide-inner\"><img decoding=\"async\" class=\"swiper-slide-image\" src=\"https:\/\/drasanvi.com\/fr\/wp-content\/uploads\/sites\/7\/elementor\/thumbs\/ecocert-pl6lgjopjhzt8vdtmh0uuxg2znnrguh4tayvqemdsu.jpg\" alt=\"ecocert\" \/><\/figure><\/div><div class=\"swiper-slide\" role=\"group\" aria-roledescription=\"slide\" aria-label=\"2 sur 5\"><figure class=\"swiper-slide-inner\"><img decoding=\"async\" class=\"swiper-slide-image\" src=\"https:\/\/drasanvi.com\/fr\/wp-content\/uploads\/sites\/7\/elementor\/thumbs\/gmo-pl6lgodwho68ux6zv11zpe9dyl0ljbzshy8b4sff7g.jpg\" alt=\"gmo free stamp\" \/><\/figure><\/div><div class=\"swiper-slide\" role=\"group\" aria-roledescription=\"slide\" aria-label=\"3 sur 5\"><figure class=\"swiper-slide-inner\"><img decoding=\"async\" class=\"swiper-slide-image\" src=\"https:\/\/drasanvi.com\/fr\/wp-content\/uploads\/sites\/7\/elementor\/thumbs\/iso-9001-pl6lh0lsyimz1up8voc53t6dolcdbecavmpmddxb3k.jpg\" alt=\"ISO 9001 stamp sign - quality management systems, QMS standard\" \/><\/figure><\/div><div class=\"swiper-slide\" role=\"group\" aria-roledescription=\"slide\" aria-label=\"4 sur 5\"><figure class=\"swiper-slide-inner\"><img decoding=\"async\" class=\"swiper-slide-image\" src=\"https:\/\/drasanvi.com\/fr\/wp-content\/uploads\/sites\/7\/elementor\/thumbs\/iso-14001-pl6lhay11p14lka87at1d8kg7txeo2hcl1vynfhz6k.jpg\" alt=\"iso 14001\" \/><\/figure><\/div><div class=\"swiper-slide\" role=\"group\" aria-roledescription=\"slide\" aria-label=\"5 sur 5\"><figure class=\"swiper-slide-inner\"><img decoding=\"async\" class=\"swiper-slide-image\" src=\"https:\/\/drasanvi.com\/fr\/wp-content\/uploads\/sites\/7\/elementor\/thumbs\/gmp-pl6lhssynjpkq5kab0iy6m27i5hdqbg8zia6rorhwc.jpg\" alt=\"gmp\" \/><\/figure><\/div>\t\t\t<\/div>\n\t\t\t\t\t\t\t\t\t\t\t\t<div class=\"elementor-swiper-button elementor-swiper-button-prev\" role=\"button\" tabindex=\"0\">\n\t\t\t\t\t\t<i aria-hidden=\"true\" class=\"eicon-chevron-left\"><\/i>\t\t\t\t\t<\/div>\n\t\t\t\t\t<div class=\"elementor-swiper-button elementor-swiper-button-next\" role=\"button\" tabindex=\"0\">\n\t\t\t\t\t\t<i aria-hidden=\"true\" class=\"eicon-chevron-right\"><\/i>\t\t\t\t\t<\/div>\n\t\t\t\t\n\t\t\t\t\t\t\t\t\t<div class=\"swiper-pagination\"><\/div>\n\t\t\t\t\t\t\t\t\t<\/div>\n\t\t\t\t\t\t<\/div>\n\t\t\t\t<\/div>\n\t\t\t\t\t<\/div>\n\t\t<\/div>\n\t\t\t\t\t<\/div>\n\t\t<\/section>\n\t\t\t\t\t<\/div>\n\t\t<\/div>\n\t\t\t\t\t<\/div>\n\t\t<\/section>\n\t\t\t\t<\/div>\n\t\t","protected":false},"excerpt":{"rendered":"<p>Nous d\u00e9fendons l&rsquo;int\u00e9gration des travailleurs Depuis 2003, Drasanvi dispose d&rsquo;un Centre d&rsquo;Emploi Sp\u00e9cial (CEE) pour les activit\u00e9s de production, de<\/p>\n","protected":false},"author":1,"featured_media":0,"parent":0,"menu_order":0,"comment_status":"closed","ping_status":"closed","template":"","meta":{"inline_featured_image":false,"footnotes":""},"class_list":["post-17429","page","type-page","status-publish","hentry"],"yoast_head":"<!-- This site is optimized with the Yoast SEO plugin v27.4 - https:\/\/yoast.com\/product\/yoast-seo-wordpress\/ -->\n<title>RSC - Drasanvi Francia<\/title>\n<meta name=\"robots\" content=\"index, follow, max-snippet:-1, max-image-preview:large, max-video-preview:-1\" \/>\n<link rel=\"canonical\" href=\"https:\/\/drasanvi.com\/fr\/rsc\/\" \/>\n<meta property=\"og:locale\" content=\"fr_FR\" \/>\n<meta property=\"og:type\" content=\"article\" \/>\n<meta property=\"og:title\" content=\"RSC - Drasanvi Francia\" \/>\n<meta property=\"og:description\" content=\"Nous d\u00e9fendons l&rsquo;int\u00e9gration des travailleurs Depuis 2003, Drasanvi dispose d&rsquo;un Centre d&rsquo;Emploi Sp\u00e9cial (CEE) pour les activit\u00e9s de production, de\" \/>\n<meta property=\"og:url\" content=\"https:\/\/drasanvi.com\/fr\/rsc\/\" \/>\n<meta property=\"og:site_name\" content=\"Drasanvi Francia\" \/>\n<meta property=\"article:modified_time\" content=\"2022-05-03T10:16:07+00:00\" \/>\n<meta property=\"og:image\" content=\"https:\/\/drasanvi.com\/fr\/wp-content\/uploads\/sites\/7\/2022\/02\/IMG_9194-copia-1.jpg\" \/>\n<meta name=\"twitter:card\" content=\"summary_large_image\" \/>\n<script type=\"application\/ld+json\" class=\"yoast-schema-graph\">{\"@context\":\"https:\\\/\\\/schema.org\",\"@graph\":[{\"@type\":\"WebPage\",\"@id\":\"https:\\\/\\\/drasanvi.com\\\/fr\\\/rsc\\\/\",\"url\":\"https:\\\/\\\/drasanvi.com\\\/fr\\\/rsc\\\/\",\"name\":\"RSC - Drasanvi Francia\",\"isPartOf\":{\"@id\":\"https:\\\/\\\/drasanvi.com\\\/fr\\\/#website\"},\"primaryImageOfPage\":{\"@id\":\"https:\\\/\\\/drasanvi.com\\\/fr\\\/rsc\\\/#primaryimage\"},\"image\":{\"@id\":\"https:\\\/\\\/drasanvi.com\\\/fr\\\/rsc\\\/#primaryimage\"},\"thumbnailUrl\":\"https:\\\/\\\/drasanvi.com\\\/fr\\\/wp-content\\\/uploads\\\/sites\\\/7\\\/2022\\\/02\\\/IMG_9194-copia-1.jpg\",\"datePublished\":\"2022-02-04T12:49:04+00:00\",\"dateModified\":\"2022-05-03T10:16:07+00:00\",\"breadcrumb\":{\"@id\":\"https:\\\/\\\/drasanvi.com\\\/fr\\\/rsc\\\/#breadcrumb\"},\"inLanguage\":\"fr-FR\",\"potentialAction\":[{\"@type\":\"ReadAction\",\"target\":[\"https:\\\/\\\/drasanvi.com\\\/fr\\\/rsc\\\/\"]}]},{\"@type\":\"ImageObject\",\"inLanguage\":\"fr-FR\",\"@id\":\"https:\\\/\\\/drasanvi.com\\\/fr\\\/rsc\\\/#primaryimage\",\"url\":\"https:\\\/\\\/drasanvi.com\\\/fr\\\/wp-content\\\/uploads\\\/sites\\\/7\\\/2022\\\/02\\\/IMG_9194-copia-1.jpg\",\"contentUrl\":\"https:\\\/\\\/drasanvi.com\\\/fr\\\/wp-content\\\/uploads\\\/sites\\\/7\\\/2022\\\/02\\\/IMG_9194-copia-1.jpg\",\"width\":1600,\"height\":1067,\"caption\":\"Nos emballages et nos proc\u00e9d\u00e9s de fabrication sont fabriqu\u00e9s \u00e0 partir de mat\u00e9riaux biod\u00e9gradables, recyclables et recycl\u00e9s.\"},{\"@type\":\"BreadcrumbList\",\"@id\":\"https:\\\/\\\/drasanvi.com\\\/fr\\\/rsc\\\/#breadcrumb\",\"itemListElement\":[{\"@type\":\"ListItem\",\"position\":1,\"name\":\"Portada\",\"item\":\"https:\\\/\\\/drasanvi.com\\\/fr\\\/\"},{\"@type\":\"ListItem\",\"position\":2,\"name\":\"RSC\"}]},{\"@type\":\"WebSite\",\"@id\":\"https:\\\/\\\/drasanvi.com\\\/fr\\\/#website\",\"url\":\"https:\\\/\\\/drasanvi.com\\\/fr\\\/\",\"name\":\"Drasanvi Francia\",\"description\":\"L\u00edder en complementos alimenticios y cosm\u00e9tica natural.\",\"publisher\":{\"@id\":\"https:\\\/\\\/drasanvi.com\\\/fr\\\/#organization\"},\"potentialAction\":[{\"@type\":\"SearchAction\",\"target\":{\"@type\":\"EntryPoint\",\"urlTemplate\":\"https:\\\/\\\/drasanvi.com\\\/fr\\\/?s={search_term_string}\"},\"query-input\":{\"@type\":\"PropertyValueSpecification\",\"valueRequired\":true,\"valueName\":\"search_term_string\"}}],\"inLanguage\":\"fr-FR\"},{\"@type\":\"Organization\",\"@id\":\"https:\\\/\\\/drasanvi.com\\\/fr\\\/#organization\",\"name\":\"Drasanvi\",\"url\":\"https:\\\/\\\/drasanvi.com\\\/fr\\\/\",\"logo\":{\"@type\":\"ImageObject\",\"inLanguage\":\"fr-FR\",\"@id\":\"https:\\\/\\\/drasanvi.com\\\/fr\\\/#\\\/schema\\\/logo\\\/image\\\/\",\"url\":\"https:\\\/\\\/drasanvi.com\\\/wp-content\\\/uploads\\\/sites\\\/7\\\/2021\\\/07\\\/logo-drasanvi.png\",\"contentUrl\":\"https:\\\/\\\/drasanvi.com\\\/wp-content\\\/uploads\\\/sites\\\/7\\\/2021\\\/07\\\/logo-drasanvi.png\",\"width\":900,\"height\":300,\"caption\":\"Drasanvi\"},\"image\":{\"@id\":\"https:\\\/\\\/drasanvi.com\\\/fr\\\/#\\\/schema\\\/logo\\\/image\\\/\"}}]}<\/script>\n<!-- \/ Yoast SEO plugin. -->","yoast_head_json":{"title":"RSC - Drasanvi Francia","robots":{"index":"index","follow":"follow","max-snippet":"max-snippet:-1","max-image-preview":"max-image-preview:large","max-video-preview":"max-video-preview:-1"},"canonical":"https:\/\/drasanvi.com\/fr\/rsc\/","og_locale":"fr_FR","og_type":"article","og_title":"RSC - Drasanvi Francia","og_description":"Nous d\u00e9fendons l&rsquo;int\u00e9gration des travailleurs Depuis 2003, Drasanvi dispose d&rsquo;un Centre d&rsquo;Emploi Sp\u00e9cial (CEE) pour les activit\u00e9s de production, de","og_url":"https:\/\/drasanvi.com\/fr\/rsc\/","og_site_name":"Drasanvi Francia","article_modified_time":"2022-05-03T10:16:07+00:00","og_image":[{"url":"https:\/\/drasanvi.com\/fr\/wp-content\/uploads\/sites\/7\/2022\/02\/IMG_9194-copia-1.jpg","type":"","width":"","height":""}],"twitter_card":"summary_large_image","schema":{"@context":"https:\/\/schema.org","@graph":[{"@type":"WebPage","@id":"https:\/\/drasanvi.com\/fr\/rsc\/","url":"https:\/\/drasanvi.com\/fr\/rsc\/","name":"RSC - Drasanvi Francia","isPartOf":{"@id":"https:\/\/drasanvi.com\/fr\/#website"},"primaryImageOfPage":{"@id":"https:\/\/drasanvi.com\/fr\/rsc\/#primaryimage"},"image":{"@id":"https:\/\/drasanvi.com\/fr\/rsc\/#primaryimage"},"thumbnailUrl":"https:\/\/drasanvi.com\/fr\/wp-content\/uploads\/sites\/7\/2022\/02\/IMG_9194-copia-1.jpg","datePublished":"2022-02-04T12:49:04+00:00","dateModified":"2022-05-03T10:16:07+00:00","breadcrumb":{"@id":"https:\/\/drasanvi.com\/fr\/rsc\/#breadcrumb"},"inLanguage":"fr-FR","potentialAction":[{"@type":"ReadAction","target":["https:\/\/drasanvi.com\/fr\/rsc\/"]}]},{"@type":"ImageObject","inLanguage":"fr-FR","@id":"https:\/\/drasanvi.com\/fr\/rsc\/#primaryimage","url":"https:\/\/drasanvi.com\/fr\/wp-content\/uploads\/sites\/7\/2022\/02\/IMG_9194-copia-1.jpg","contentUrl":"https:\/\/drasanvi.com\/fr\/wp-content\/uploads\/sites\/7\/2022\/02\/IMG_9194-copia-1.jpg","width":1600,"height":1067,"caption":"Nos emballages et nos proc\u00e9d\u00e9s de fabrication sont fabriqu\u00e9s \u00e0 partir de mat\u00e9riaux biod\u00e9gradables, recyclables et recycl\u00e9s."},{"@type":"BreadcrumbList","@id":"https:\/\/drasanvi.com\/fr\/rsc\/#breadcrumb","itemListElement":[{"@type":"ListItem","position":1,"name":"Portada","item":"https:\/\/drasanvi.com\/fr\/"},{"@type":"ListItem","position":2,"name":"RSC"}]},{"@type":"WebSite","@id":"https:\/\/drasanvi.com\/fr\/#website","url":"https:\/\/drasanvi.com\/fr\/","name":"Drasanvi Francia","description":"L\u00edder en complementos alimenticios y cosm\u00e9tica natural.","publisher":{"@id":"https:\/\/drasanvi.com\/fr\/#organization"},"potentialAction":[{"@type":"SearchAction","target":{"@type":"EntryPoint","urlTemplate":"https:\/\/drasanvi.com\/fr\/?s={search_term_string}"},"query-input":{"@type":"PropertyValueSpecification","valueRequired":true,"valueName":"search_term_string"}}],"inLanguage":"fr-FR"},{"@type":"Organization","@id":"https:\/\/drasanvi.com\/fr\/#organization","name":"Drasanvi","url":"https:\/\/drasanvi.com\/fr\/","logo":{"@type":"ImageObject","inLanguage":"fr-FR","@id":"https:\/\/drasanvi.com\/fr\/#\/schema\/logo\/image\/","url":"https:\/\/drasanvi.com\/wp-content\/uploads\/sites\/7\/2021\/07\/logo-drasanvi.png","contentUrl":"https:\/\/drasanvi.com\/wp-content\/uploads\/sites\/7\/2021\/07\/logo-drasanvi.png","width":900,"height":300,"caption":"Drasanvi"},"image":{"@id":"https:\/\/drasanvi.com\/fr\/#\/schema\/logo\/image\/"}}]}},"_links":{"self":[{"href":"https:\/\/drasanvi.com\/fr\/wp-json\/wp\/v2\/pages\/17429","targetHints":{"allow":["GET"]}}],"collection":[{"href":"https:\/\/drasanvi.com\/fr\/wp-json\/wp\/v2\/pages"}],"about":[{"href":"https:\/\/drasanvi.com\/fr\/wp-json\/wp\/v2\/types\/page"}],"author":[{"embeddable":true,"href":"https:\/\/drasanvi.com\/fr\/wp-json\/wp\/v2\/users\/1"}],"replies":[{"embeddable":true,"href":"https:\/\/drasanvi.com\/fr\/wp-json\/wp\/v2\/comments?post=17429"}],"version-history":[{"count":0,"href":"https:\/\/drasanvi.com\/fr\/wp-json\/wp\/v2\/pages\/17429\/revisions"}],"wp:attachment":[{"href":"https:\/\/drasanvi.com\/fr\/wp-json\/wp\/v2\/media?parent=17429"}],"curies":[{"name":"wp","href":"https:\/\/api.w.org\/{rel}","templated":true}]}}